{"type":"rich","html":"<div style=\"width: 640; height: 426; font-family: sans-serif,arial,freesans;\" ><div id=\"shared_container_1261013933\" class=\"shared_container\"><div id=\"shared_header_1261013933\" class=\"shared_header\"><a href=\"https:\/\/emmaus-koeln.de\/channel\/info\"><img src=\"https:\/\/emmaus-koeln.de\/photo\/profile\/s\/4\" alt=\"Emmaus K\u00f6ln\" height=\"32\" width=\"32\" loading=\"lazy\" \/><\/a><span><a href=\"https:\/\/emmaus-koeln.de\/channel\/info\">Emmaus K\u00f6ln<\/a>  wrote the following  <a href=\"https:\/\/emmaus-koeln.de\/display\/dde4d120-121c-4831-b1ea-1e79a5c05b62\">post <\/a><span class=\"autotime\" title=\"2009-04-03T15:16:22+02:00\">Fri, 03 Apr 2009 15:16:22 +0200<\/span><\/span><\/div><div id=\"reshared-content-1261013933\" class=\"reshared-content\"><strong>ARMUT IN K\u00d6LN - Franz Meurer 2009<\/strong><br \/>Video mit Franz Meurer zu dem Thema &quot;Armut in K\u00f6ln&quot;. Aufgenommen im K\u00f6lner &quot;Dom Forum&quot; am 3.4.2009 im Rahmen einer Veranstaltung zum 50igsten Jahres Jubil\u00e4um der K\u00f6lner Emmaus Gemeinschaft..<br \/><br \/><h1>Teil 1<\/h1><br \/><video poster=\"https:\/cloud\/info\/WEBSITE\/VIDEOS\/ARMUT-IN-KOELN_Franz-Meurer-Teil-1von2_03.04.2009_cover.png\" controls=\"controls\" preload=\"none\" src=\"https:\/cloud\/info\/WEBSITE\/VIDEOS\/ARMUT-IN-KOELN_Franz-Meurer-Teil-1von2_03.04.2009.mp4\" style=\"width:100%; max-width:425px\"><a href=\"https:\/cloud\/info\/WEBSITE\/VIDEOS\/ARMUT-IN-KOELN_Franz-Meurer-Teil-1von2_03.04.2009.mp4\">https:\/cloud\/info\/WEBSITE\/VIDEOS\/ARMUT-IN-KOELN_Franz-Meurer-Teil-1von2_03.04.2009.mp4<\/a><\/video><br \/><br \/><h1>Teil 2<\/h1><br \/><video poster=\"https:\/cloud\/info\/WEBSITE\/VIDEOS\/ARMUT-IN-KOELN_Franz-Meurer-Teil-2von2_03.04.2009_cover.png\" controls=\"controls\" preload=\"none\" src=\"https:\/cloud\/info\/WEBSITE\/VIDEOS\/ARMUT-IN-KOELN_Franz-Meurer-Teil-2von2_03.04.2009.mp4\" style=\"width:100%; max-width:425px\"><a href=\"https:\/cloud\/info\/WEBSITE\/VIDEOS\/ARMUT-IN-KOELN_Franz-Meurer-Teil-2von2_03.04.2009.mp4\">https:\/cloud\/info\/WEBSITE\/VIDEOS\/ARMUT-IN-KOELN_Franz-Meurer-Teil-2von2_03.04.2009.mp4<\/a><\/video><\/div><\/div><br \/><\/div>","width":640,"height":426}