{"type":"rich","html":"<div style=\"width: 640; height: 426; font-family: sans-serif,arial,freesans;\" ><div id=\"shared_container_1700699415\" class=\"shared_container\"><div id=\"shared_header_1700699415\" class=\"shared_header\"><a href=\"https:\/\/emmaus-koeln.de\/channel\/info\"><img src=\"https:\/\/emmaus-koeln.de\/photo\/profile\/s\/4\" alt=\"Emmaus K\u00f6ln\" height=\"32\" width=\"32\" loading=\"lazy\" \/><\/a><span><a href=\"https:\/\/emmaus-koeln.de\/channel\/info\">Emmaus K\u00f6ln<\/a>  wrote the following  <a href=\"https:\/\/emmaus-koeln.de\/display\/dcebda64-984a-4d11-b093-479dfe26d730\">post <\/a><span class=\"autotime\" title=\"2016-07-15T12:08:39+02:00\">Fri, 15 Jul 2016 12:08:39 +0200<\/span><\/span><\/div><div id=\"reshared-content-1700699415\" class=\"reshared-content\"><strong>Besuch in Grande Synthe \/ Dunkerque Sommer 2016<\/strong><br \/><a class=\"zrl\" href=\"https:\/\/emmaus-koeln.de\/photos\/info\/image\/3adbe6d6-64da-413e-a22e-238417071561\" target=\"_blank\" rel=\"nofollow noopener\"><img class=\"zrl\" style=\"max-width: 100%;\" src=\"https:\/\/emmaus-koeln.de\/photo\/3adbe6d6-64da-413e-a22e-238417071561-1.png\" alt=\"teaserbox_2472938550.jpg-t-1473277348.jpg\" title=\"teaserbox_2472938550.jpg-t-1473277348.jpg\" loading=\"eager\" \/><\/a><br \/><br \/>W\u00e4hrend der Ferien in Nordfrankreich hatten wir Gelegenheit, das neue Fl\u00fcchtlingscamp in Grande Synthe \/ Dunkerque zu besuchen.<br \/><br \/>Es liegt in unmittelbarer Nachbarschaft zur dortigen Emmaus Gemeinschaft und beherbergt ca. 800 Fl\u00fcchtlinge, die letztlich auf dem Weg, auf der Durchreise nach Gro\u00dfbritannien sind.<br \/><br \/><a class=\"zrl\" href=\"https:\/\/emmaus-koeln.de\/photos\/info\/image\/e3bef85c-1fed-4fd0-b30b-564deee2b788\" target=\"_blank\" rel=\"nofollow noopener\"><img class=\"zrl\" style=\"max-width: 100%;\" src=\"https:\/\/emmaus-koeln.de\/photo\/e3bef85c-1fed-4fd0-b30b-564deee2b788-1.png\" alt=\"teaserbox_2472938618.jpg-t-1473277466.jpg\" title=\"teaserbox_2472938618.jpg-t-1473277466.jpg\" loading=\"eager\" \/><\/a><br \/><br \/>Diese Art der einigerma\u00dfen humanen Unterbringung von Gefl\u00fcchteten in festen Behausungen ist und war in der Region sehr umstritten, der B\u00fcrgermeister der Gemeinde konnte sich allerdings mit diesem Vorhaben durchsetzen und hofft weiterhin auf eine gro\u00dfe Akzeptanz der dortigen Bev\u00f6lkerung.<br \/><br \/><a class=\"zrl\" href=\"https:\/\/emmaus-koeln.de\/photos\/info\/image\/8c5f0f10-2740-4e6c-8a70-0af5a7c1f8e7\" target=\"_blank\" rel=\"nofollow noopener\"><img class=\"zrl\" style=\"max-width: 100%;\" src=\"https:\/\/emmaus-koeln.de\/photo\/8c5f0f10-2740-4e6c-8a70-0af5a7c1f8e7-1.png\" alt=\"teaserbox_2472938619.jpg-t-1473277520.jpg\" title=\"teaserbox_2472938619.jpg-t-1473277520.jpg\" loading=\"eager\" \/><\/a><br \/><br \/>Wir konnten mit einigen Gefl\u00fcchteten und jungen ehrenamtlichen Begleitern aus Belgien, Holland, England und Deutschland \u00fcber ihre Erfahrungen reden.<br \/><br \/><a class=\"zrl\" href=\"https:\/\/emmaus-koeln.de\/photos\/info\/image\/c61b22e4-df57-4a78-aa0c-1268944ba0e7\" target=\"_blank\" rel=\"nofollow noopener\"><img class=\"zrl\" style=\"max-width: 100%;\" src=\"https:\/\/emmaus-koeln.de\/photo\/c61b22e4-df57-4a78-aa0c-1268944ba0e7-1.png\" alt=\"teaserbox_2472938664.jpg-t-1473277632.jpg\" title=\"teaserbox_2472938664.jpg-t-1473277632.jpg\" loading=\"eager\" \/><\/a><\/div><\/div><br \/><\/div>","width":640,"height":426}