{"type":"rich","html":"<div style=\"width: 640; height: 426; font-family: sans-serif,arial,freesans;\" ><div id=\"shared_container_1853506242\" class=\"shared_container\"><div id=\"shared_header_1853506242\" class=\"shared_header\"><a href=\"https:\/\/emmaus-koeln.de\/channel\/info\"><img src=\"https:\/\/emmaus-koeln.de\/photo\/profile\/s\/4\" alt=\"Emmaus K\u00f6ln\" height=\"32\" width=\"32\" loading=\"lazy\" \/><\/a><span><a href=\"https:\/\/emmaus-koeln.de\/channel\/info\">Emmaus K\u00f6ln<\/a>  wrote the following  <a href=\"https:\/\/emmaus-koeln.de\/display\/c9cb965b-6bea-402a-b090-f6c9b33bc355\">post <\/a><span class=\"autotime\" title=\"1998-07-01T02:00:00+02:00\">Wed, 01 Jul 1998 02:00:00 +0200<\/span><\/span><\/div><div id=\"reshared-content-1853506242\" class=\"reshared-content\"><strong>emmaus in K\u00f6ln - die Geschichte - 1998<\/strong><br \/>Die Wohnetage in der #<a class=\"zrl\" href=\"https:\/\/emmaus-koeln.de\/search?tag=Glanzstoff\" target=\"_blank\" rel=\"nofollow noopener\">Glanzstoff<\/a> war, vor allem im Winter, nicht mehr bewohnbar. Da die Renovierungsarbeiten im #<a class=\"zrl\" href=\"https:\/\/emmaus-koeln.de\/search?tag=Guffantihaus\" target=\"_blank\" rel=\"nofollow noopener\">Guffantihaus<\/a> noch nicht fertig gestellt waren wurde das #<a class=\"zrl\" href=\"https:\/\/emmaus-koeln.de\/search?tag=B%C3%BCrogeb%C3%A4ude\" target=\"_blank\" rel=\"nofollow noopener\">B\u00fcrogeb\u00e4ude<\/a> auf dem neuen #<a class=\"zrl\" href=\"https:\/\/emmaus-koeln.de\/search?tag=Verkaufsgel%C3%A4nde\" target=\"_blank\" rel=\"nofollow noopener\">Verkaufsgel\u00e4nde<\/a> in der #<a class=\"zrl\" href=\"https:\/\/emmaus-koeln.de\/search?tag=Geestem%C3%BCnder\" target=\"_blank\" rel=\"nofollow noopener\">Geestem\u00fcnder<\/a> Str. hergerichtet (u.a. W\u00e4nde eingezogen), um es f\u00fcr den \u00dcbergang zu bewohnen.<br \/><br \/>Auf dem Gel\u00e4nde in der Geestem\u00fcnderstr. wurden auch andere umfangreiche Renovierungs- und Reparaturarbeiten durchgef\u00fchrt. So z.B. Dachreparatur der Lagerhalle, Neuinstallation der Stromeinspeisung, etc.<br \/><br \/>Im Laufe des Jahres bildete sich der Arbeitskreis &quot;Initiative der K\u00f6lner M\u00f6bellager&quot; mit dem Ziel, ein m\u00f6glichst fl\u00e4chendeckendes Angebot f\u00fcr sozial Schwache in K\u00f6ln zu koordinieren. Diese Zusammenarbeit mit 8 anderen Initiativen erschien notwendig, um eventuellen Ideen der Sozialverwaltung bzgl. einer &quot;zentralen M\u00f6belversorgung&quot; der #<a class=\"zrl\" href=\"https:\/\/emmaus-koeln.de\/search?tag=Sozialhilfeempf%C3%A4nger\" target=\"_blank\" rel=\"nofollow noopener\">Sozialhilfeempf\u00e4nger<\/a> von Seiten der Stadt einen Gegenpol zu setzen. Die Initiativen setzten darauf, dass die bestehende dezentrale Versorgung \u00fcber die verschiedenen Gruppen zu f\u00f6rdern ist.<br \/><br \/>Seit etwa Mitte des Jahres unterst\u00fctzt die Gemeinschaft den &quot;Seeberger Treff&quot; (Hausaufgabenbetreuung und Mittagstisch f\u00fcr Kinder).<br \/><br \/>Vor allem auf Betreiben der Gemeinschaft konnte ein praktikabler Weg mit anderen Initiativen, dem Sozial- und Wahlamt gefunden werden, Wohnungslosen bei der Bundestagswahl ihr Wahlrecht zu erm\u00f6glichen.<br \/><br \/>Die Gemeinschaft nahm an dem internationalen #<a class=\"zrl\" href=\"https:\/\/emmaus-koeln.de\/search?tag=Sonderverkauf\" target=\"_blank\" rel=\"nofollow noopener\">Sonderverkauf<\/a> bei #<a class=\"zrl\" href=\"https:\/\/emmaus-koeln.de\/search?tag=Terre\" target=\"_blank\" rel=\"nofollow noopener\">Terre<\/a> \/ #<a class=\"zrl\" href=\"https:\/\/emmaus-koeln.de\/search?tag=L%C3%BCttich\" target=\"_blank\" rel=\"nofollow noopener\">L\u00fcttich<\/a> teil. Mit dem Erl\u00f6s wurde eine emmaus-Gemeinschaft in Belgien und ein Project auf den #<a class=\"zrl\" href=\"https:\/\/emmaus-koeln.de\/search?tag=Philippinen\" target=\"_blank\" rel=\"nofollow noopener\">Philippinen<\/a> unterst\u00fctzt.<\/div><\/div><br \/><\/div>","width":640,"height":426}