{"type":"rich","html":"<div style=\"width: 640; height: 426; font-family: sans-serif,arial,freesans;\" ><div id=\"shared_container_1450028039\" class=\"shared_container\"><div id=\"shared_header_1450028039\" class=\"shared_header\"><a href=\"https:\/\/emmaus-koeln.de\/channel\/info\"><img src=\"https:\/\/emmaus-koeln.de\/photo\/profile\/s\/4\" alt=\"Emmaus K\u00f6ln\" height=\"32\" width=\"32\" loading=\"lazy\" \/><\/a><span><a href=\"https:\/\/emmaus-koeln.de\/channel\/info\">Emmaus K\u00f6ln<\/a>  wrote the following  <a href=\"https:\/\/emmaus-koeln.de\/display\/c7b55415-11f2-4760-b790-b2ff2727a185\">post <\/a><span class=\"autotime\" title=\"2013-09-15T02:00:00+02:00\">Sun, 15 Sep 2013 02:00:00 +0200<\/span><\/span><\/div><div id=\"reshared-content-1450028039\" class=\"reshared-content\"><strong>20. Geburtstag Laden<\/strong><br \/>Im Oktober 1993 er\u00f6ffneten wir von der Emmaus Gemeinschaft in K\u00f6ln einen kleinen Laden in Nippes am Baudriplatz 16.<br \/><br \/>Eher zuf\u00e4llig kam es zu einem Mietverh\u00e4ltnis w\u00e4hrend einer Entr\u00fcmplung f\u00fcr den damaligen Mieter, der offenbar froh war, einen Nachmieter zu finden.<br \/><br \/>In diesem Laden hat \u00fcber 20 Jahre eine stabile, ehrenamtliche Mannschaft von B\u00fcrgern aus Nippes f\u00fcr verl\u00e4ssliche \u00d6ffnungszeiten, ein angenehmes und wechselndes Angebot an Kleidern, Hausrat, B\u00fcchern und Kleinm\u00f6beln gesorgt.<br \/><br \/>Verschiedenste Aktionen mit der Ladenmannschaft zum Thema Obdachlosigkeit, zusammen mit der KAB-Nippes, haben auch den sozialpolitischen Aspekt dieses kleinen Emmaus- Ladens herausgearbeitet.<br \/><br \/>Seit einem Jahr findet letztlich eine Lebensmittelausgabe mit ATLANT e.V. f\u00fcr notleidende Nippeser B\u00fcrger einmal w\u00f6chentlich statt.<br \/><br \/><a class=\"zrl\" href=\"https:\/\/emmaus-koeln.de\/photos\/info\/image\/514aa611-fe58-40d8-9c01-3b5889806279\" target=\"_blank\" rel=\"nofollow noopener\"><img class=\"zrl\" style=\"max-width: 100%;\" src=\"https:\/\/emmaus-koeln.de\/photo\/514aa611-fe58-40d8-9c01-3b5889806279-1.jpg\" alt=\"cache_2442185834.jpg-t-1380274242.jpg\" title=\"cache_2442185834.jpg-t-1380274242.jpg\" loading=\"eager\" \/><\/a><\/div><\/div><br \/><\/div>","width":640,"height":426}