{"type":"rich","html":"<div style=\"width: 640; height: 426; font-family: sans-serif,arial,freesans;\" ><div id=\"shared_container_1386370007\" class=\"shared_container\"><div id=\"shared_header_1386370007\" class=\"shared_header\"><a href=\"https:\/\/emmaus-koeln.de\/channel\/info\"><img src=\"https:\/\/emmaus-koeln.de\/photo\/profile\/s\/4\" alt=\"Emmaus K\u00f6ln\" height=\"32\" width=\"32\" loading=\"lazy\" \/><\/a><span><a href=\"https:\/\/emmaus-koeln.de\/channel\/info\">Emmaus K\u00f6ln<\/a>  wrote the following  <a href=\"https:\/\/emmaus-koeln.de\/display\/a710a86a-b608-4730-9ace-05d8ee5c475f\">post <\/a><span class=\"autotime\" title=\"2019-03-01T19:03:34+01:00\">Fri, 01 Mar 2019 19:03:34 +0100<\/span><\/span><\/div><div id=\"reshared-content-1386370007\" class=\"reshared-content\"><strong>60 Jahre Emmaus K\u00f6ln<\/strong><br \/>Am 1. M\u00e4rz 1959 organisierten junge Leute aus K\u00f6ln die erste \u201eBrockensammlung\u201c in K\u00f6ln \u2013 Ehrenfeld, und dies gilt f\u00fcr Emmaus in K\u00f6ln als der Beginn einer 60- j\u00e4hrigen Geschichte in unserer Stadt.<br \/><br \/>Diese jungen Leute hatten Abb\u00e9 Pierre und einige Akteure franz\u00f6sischer und belgischer Emmaus Gruppen in Verviers \/ Belgien getroffen, die mit gemeinsamer Arbeit soziale Aktionen finanzieren wollten.(F\u00f6rderung von belgischen und deutschen Kindern und Jugendlichen aus sog. \u201esozialen Brennpunkten)<br \/><br \/>Von Anfang an, das hei\u00dft seit M\u00e4rz 1959 hat die Emmaus Gemeinschaft stets fasziniert, dass gemeinsame Arbeit, in unserem Falle das Sammeln und Wiederverwerten von Gebrauchtgegenst\u00e4nden, die Grundlage ist f\u00fcr selbstbestimmtes Leben in W\u00fcrde, und das vor allem f\u00fcr Menschen am Rande der Gesellschaft.<br \/><br \/>Der zweite wichtige Aspekt unserer Aktivit\u00e4ten war zudem das internationale Engagement von Emmaus in K\u00f6ln.<br \/><br \/>Die Emmaus \u2013 Akteure haben immer erkannt, dass auch in K\u00f6ln Menschen in Armut und ohne Obdach leben m\u00fcssen, die Situation in anderen L\u00e4ndern der Welt allerdings ungleich h\u00e4rter und unmenschlicher ist als in Deutschland.<br \/><br \/>So sind im Wesentlichen neben der Stabilisierung einer Gemeinschaft von Menschen mit \u201eLebensunf\u00e4llen\u201c durch gemeinsame Arbeit, die eine Selbsthilfegruppe finanziert, gerade in den letzten 30 Jahren die lokalen und internationalen Aktivit\u00e4ten konsolidiert worden:<br \/><br \/>Hilfstransporte f\u00fcr unsere Emmaus Partner, eine mobile Suppenk\u00fcche am Appellhofplatz.<br \/><br \/>Emmaus in K\u00f6ln hat in den 60 Jahren seines Bestehens eine sehr wechselhafte Geschichte vorzuweisen, die nicht immer nur erfolgreich war, aber von einem Gedanken getragen wurde: <strong>denen zu helfen, die am meisten leiden.<\/strong><br \/><br \/><a class=\"zrl\" href=\"https:\/\/emmaus-koeln.de\/photos\/info\/image\/98a0bd65-1c9c-4383-8ae9-b571986f57b4\" target=\"_blank\" rel=\"nofollow noopener\"><img class=\"zrl\" style=\"max-width: 100%;\" src=\"https:\/\/emmaus-koeln.de\/photo\/98a0bd65-1c9c-4383-8ae9-b571986f57b4-1.jpg\" alt=\"teaserbox_2486233511.JPG-t-1550493463.jpg\" title=\"teaserbox_2486233511.JPG-t-1550493463.jpg\" loading=\"eager\" \/><\/a><\/div><\/div><br \/><\/div>","width":640,"height":426}