{"type":"rich","html":"<div style=\"width: 640; height: 426; font-family: sans-serif,arial,freesans;\" ><div id=\"shared_container_255040581\" class=\"shared_container\"><div id=\"shared_header_255040581\" class=\"shared_header\"><a href=\"https:\/\/emmaus-koeln.de\/channel\/info\"><img src=\"https:\/\/emmaus-koeln.de\/photo\/profile\/s\/4\" alt=\"Emmaus K\u00f6ln\" height=\"32\" width=\"32\" loading=\"lazy\" \/><\/a><span><a href=\"https:\/\/emmaus-koeln.de\/channel\/info\">Emmaus K\u00f6ln<\/a>  wrote the following  <a href=\"https:\/\/emmaus-koeln.de\/item\/a347374e-46b8-45bd-9c6a-2018160fcc3d\">post <\/a><span class=\"autotime\" title=\"2025-11-26T13:04:55+01:00\">Wed, 26 Nov 2025 13:04:55 +0100<\/span><\/span><\/div><div id=\"reshared-content-255040581\" class=\"reshared-content\"><strong>Presse Leserbrief zur Situation von BfO<\/strong><br \/><a class=\"zrl\" href=\"https:\/\/emmaus-koeln.de\/photos\/info\/image\/ea1a418e-660b-4ca1-bca6-145bb08405e5\" target=\"_blank\" rel=\"nofollow noopener\"><img class=\"zrl\" style=\"max-width: 100%;\" src=\"https:\/\/emmaus-koeln.de\/photo\/ea1a418e-660b-4ca1-bca6-145bb08405e5-1.png\" alt=\"bfoev-logo.png\" title=\"bfoev-logo.png\" loading=\"eager\" \/><\/a><br \/><br \/>Zur Situation von BfO ( Basislager) \/\/ <span class=\"bookmark-identifier\">#^<\/span><a class=\"bookmark\" href=\"https:\/\/bfoev.de\/\" target=\"_blank\" rel=\"nofollow noopener\">https:\/\/bfoev.de\/<\/a><br \/><br \/>Im Jahr 1990 begann die Emmaus Gemeinschaft in K\u00f6ln ihre Aktivit\u00e4ten in der Obdachlosenszene in K\u00f6ln , in dem sie Essen und warme Kleidung an Bed\u00fcrftige am #<a class=\"zrl\" href=\"https:\/\/emmaus-koeln.de\/search?tag=Appellhofplatz\" target=\"_blank\" rel=\"nofollow noopener\">Appellhofplatz<\/a> in Dom- N\u00e4he verteilte. Einige politische Aktionen von Emmaus und eine entsprechende engagierte Berichterstattung in der lokalen Presse f\u00fchrten dazu, dass sich B\u00fcrger f\u00fcr Obdachlose engagieren wollten. So entstand in unseren R\u00e4umen der Verein \u201eB\u00fcrger f\u00fcr Obdachlose\u201c mit damals mehr als 40 Vereinsmitgliedern. Die Betreuung und Begleitung von Wohnungslosen in angemieteten H\u00e4usern und sp\u00e4ter auch ein Secondhand- Verkaufslager: das waren die Aush\u00e4ngeschilder des sehr aktiven Vereins. <br \/>Gemeinsam mit #<a class=\"zrl\" href=\"https:\/\/emmaus-koeln.de\/search?tag=BfO\" target=\"_blank\" rel=\"nofollow noopener\">BfO<\/a> \/ Basislager und #<a class=\"zrl\" href=\"https:\/\/emmaus-koeln.de\/search?tag=Emmaus\" target=\"_blank\" rel=\"nofollow noopener\">Emmaus<\/a> haben wir \u00fcber die Jahre an diesen beiden Identit\u00e4ten festgehalten: #<a class=\"zrl\" href=\"https:\/\/emmaus-koeln.de\/search?tag=Wiederverwertung\" target=\"_blank\" rel=\"nofollow noopener\">Wiederverwertung<\/a> und #<a class=\"zrl\" href=\"https:\/\/emmaus-koeln.de\/search?tag=Recycling\" target=\"_blank\" rel=\"nofollow noopener\">Recycling<\/a> von #<a class=\"zrl\" href=\"https:\/\/emmaus-koeln.de\/search?tag=Gebrauchtartikeln\" target=\"_blank\" rel=\"nofollow noopener\">Gebrauchtartikeln<\/a> als eine Antwort auf unsere immer absurdere #<a class=\"zrl\" href=\"https:\/\/emmaus-koeln.de\/search?tag=Wegwerfmentalit%C3%A4t\" target=\"_blank\" rel=\"nofollow noopener\">Wegwerfmentalit\u00e4t<\/a> und die Zuwendung und Begleitung von den Schw\u00e4chsten in unserer Gesellschaft ( #<a class=\"zrl\" href=\"https:\/\/emmaus-koeln.de\/search?tag=Wohnungslose\" target=\"_blank\" rel=\"nofollow noopener\">Wohnungslose<\/a>, #<a class=\"zrl\" href=\"https:\/\/emmaus-koeln.de\/search?tag=Drogenkranke\" target=\"_blank\" rel=\"nofollow noopener\">Drogenkranke<\/a>, #<a class=\"zrl\" href=\"https:\/\/emmaus-koeln.de\/search?tag=Haftentlassene%29\" target=\"_blank\" rel=\"nofollow noopener\">Haftentlassene)<\/a> oder wie bei Emmaus sagen: \u201eMenschen mit Lebensunf\u00e4llen\u201c.<br \/><br \/>Es ist seit Jahren sehr schwierig geworden, diese beiden Identit\u00e4ten unserer Arbeit und unseres Selbstverst\u00e4ndnisses zu betreiben und zu leben. Wer als Verein keinen gro\u00dfen karitativen Tr\u00e4ger im R\u00fccken hat, l\u00e4uft aktuell sehr schnell Gefahr aufgeben zu m\u00fcssen oder von den Bedingungen unserer kapitalistischen Wirtschaftssweise in die Knie zu gehen. <br \/>Auch die administrativen Auflagen bzgl. Versicherungen, Berufsgenossenschaften und Finanz\/ Steuer\/ Bankgesch\u00e4ften zeigen oft den ehrenamtlichen Vorstandskollegen die Grenzen auf, und f\u00fchren wie im falle Basislager BfO zur Aufgabe der #<a class=\"zrl\" href=\"https:\/\/emmaus-koeln.de\/search?tag=Vorstandsarbeit\" target=\"_blank\" rel=\"nofollow noopener\">Vorstandsarbeit<\/a>.<br \/>Unsere Stadt- Gesellschaft muss sich letztlich fragen , ob sie bereit ist, solche Vereine wie BfO zu erhalten, letztlich um Menschen am Rande eine echte Chance zur Selbstverwirklichung zu geben durch gemeinsame und sinnvolle Arbeit.<br \/><br \/>Willi Does \/ Vorsitzender Emmaus Gemeinschaft in K\u00f6ln eV<\/div><\/div><br \/><\/div>","width":640,"height":426}