{"type":"rich","html":"<div style=\"width: 640; height: 426; font-family: sans-serif,arial,freesans;\" ><div id=\"shared_container_1350919093\" class=\"shared_container\"><div id=\"shared_header_1350919093\" class=\"shared_header\"><a href=\"https:\/\/emmaus-koeln.de\/channel\/info\"><img src=\"https:\/\/emmaus-koeln.de\/photo\/profile\/s\/4\" alt=\"Emmaus K\u00f6ln\" height=\"32\" width=\"32\" loading=\"lazy\" \/><\/a><span><a href=\"https:\/\/emmaus-koeln.de\/channel\/info\">Emmaus K\u00f6ln<\/a>  wrote the following  <a href=\"https:\/\/emmaus-koeln.de\/display\/8b63d411-21f7-40d2-a3e2-3a930616581a\">post <\/a><span class=\"autotime\" title=\"2011-01-10T01:00:00+01:00\">Mon, 10 Jan 2011 01:00:00 +0100<\/span><\/span><\/div><div id=\"reshared-content-1350919093\" class=\"reshared-content\"><strong>T\u00e4tigkeitsbericht Emmaus Gemeinschaft in K\u00f6ln 2010<\/strong><br \/>Personen:<br \/><br \/>Mit einigen neuen Leuten, die 2010 zu Emmaus kamen, erhielt die Ausrichtung von Emmaus durchaus eine andere Ausrichtung zu mehr Professionalit\u00e4t.<br \/><br \/>Zust\u00e4ndigkeiten\/ Verantwortlichkeiten wurden im Bereich der Arbeit besser strukturiert, die Wunschliste der Gemeinschafter f\u00fcr das Jahr 2010 wurde regelm\u00e4\u00dfig \u00fcberpr\u00fcft und versucht zu realisieren ( siehe Aktionen)<br \/><br \/>In der Gemeinschaft lebten durchschnittlich 25 Personen , im Betrieb waren 16 Gemeinschafter, 3 Hauptverantwortliche, dazu zwei Auszubildende und 10 externe Mitarbeiter \u00fcber die ARGE K\u00f6ln.<br \/><br \/>Wirtschaftliches:<br \/><br \/>Die Einnahmen aus Verkauf und Dienstleistungen ( Wohnungsaufl\u00f6sungen\/ Transporte) haben einen erheblichen Zuwachs gegen\u00fcber 2009 erfahren:<br \/><br \/>2009&gt;&gt;&gt; 435.000,- \u20ac \/ 2010&gt;&gt;&gt; 486.000,- \u20ac = ca 11% ( Darin sind auch die Einnahmen des Ladens am Baudriplatz Nippes = 21.300,-- \u20ac)<br \/><br \/>Erstmalig sind die Einnahmen in den Kleidern h\u00f6her als die in den M\u00f6beln.<br \/><br \/>R\u00fccklagen:<br \/><br \/>Nach Beschluss besuchten 2 Vorst\u00e4nde den Leiter der Wohnungsversorgungsbetriebe der Stadt K\u00f6ln, um die M\u00f6glichkeiten\/ Modalit\u00e4ten im Wohnprojekt am Lachemer Weg \/ Guffantihaus zu besprechen,<br \/><br \/>Parallel dazu beauftragte der Vorstand G\u00fcnter Bornefeld, R\u00fccklagen\/ Bausparmodelle zu pr\u00fcfen mit dem Ziel ggf in 15 Jahren ein Wohnhaus f\u00fcr die Gemeinschaft zu kaufen, wenn ein weiterer Verbleib im Guffantihaus nicht m\u00f6glich ist.<br \/><br \/>Seit Jan. 2011 sind jeweils 3X 15.000,- \u20ac in Bausparvertr\u00e4ge eingestellt worden, die mit monatlich jeweils 500,-- \u20ac auf 12 Jahre angespart werden.<br \/><br \/>Ziel ist, m\u00f6glichst ein Drittel einer Kaufsumme f\u00fcr ein Wohnhaus in den R\u00fccklagen zu haben.<br \/><br \/>Erw\u00e4hnte Summe von 45.000,- \u20ac sind aus dem Erbe von Dieter Schwering , die restlichen 65.000,- \u20ac sind noch per Festgeld festzulegen f\u00fcr eventuelle Gro\u00dfinvest-itionen hinsichtlich Abwasserkan\u00e4le Geestem\u00fcnderstr.<br \/><br \/>Aktionen:<br \/><br \/>M\u00f6belhalle Bergisch Gladbach:<br \/><br \/>Die Kooperation mit der ehemaligen Skarrab\u00e4us- M\u00f6belhalle, die nunmehr von Punto eV betrieben wird, sah im Wesentlichen vor, Transportfahrzeuge auszuleihen und einige Male einen Emmaus \u2013 Fahrer.<br \/><br \/>Weitergehende Kooperationsformen k\u00f6nnen und m\u00fcssen weiterentwickelt werden.<br \/><br \/>Container:<br \/><br \/>7 Container f\u00fcr Emmaus Rzeszow, Lublin , Nowy Sacz ( Polen , jeweils 2 Container), jeweils ein Transport f\u00fcr Oselya \/ Lwiw\/ Ukraine und Emmaus Chile.<br \/><br \/>Kosten der Transporte : ca 15.000,- \u20ac \/ Wert der verschickten Ware: ca 580.000,- \u20ac<br \/><br \/>Austausch mit anderen Emmaus Gemeinschaften:<br \/><br \/>Nowy Sacz und Krakau: Christophe Str\u00f6hl, Jerome Sandel, Patrick Jouan<br \/><br \/>England: Ingo Haunert, Jacek Boczek, Pawel Majcherski Workcamp Italien: Sebus Selle<br \/><br \/>Ukraine: Georg Kreusch Lublin: Rudi Wilhelm<br \/><br \/>Tour Berlin:<br \/><br \/>Wie jedes Mal ein gro\u00dfer Moment und ein Abenteuer mit den Mitarbeitern der Gemeinschaft und dem Ladenteam Baudriplatz.<br \/><br \/>Neben vielen eigenen Freizeitm\u00f6glichkeiten Besuch des Berliner B\u00fcchertischs, einem partner der Emmaus Gemeinschaft.<br \/><br \/>Erster europ\u00e4ischer Compagnons-Austausch in K\u00f6ln:<br \/><br \/>Die Gemeinschaft bot Gelegenheit, vier Tage 23 Compagnons aus 6 L\u00e4ndern zu einem ersten Treffen dieser Art. Unterbringung, Bek\u00f6stigung, Freizeitgestaltung , gemeinsame Aktionen wurden von Emmaus K\u00f6ln finanziert ( ca. 3.300,- \u20ac)<br \/><br \/>Das n\u00e4chste Seminar dieser Art ist f\u00fcr April 2011 vorgesehen.<br \/><br \/>Die Idee k\u00f6nnte sein, dass Emmaus in K\u00f6ln ein Ort dieser besonderen Form der Begegnung werden k\u00f6nnte.<br \/><br \/>Seminare:<br \/><br \/>Zwei Compagnons Seminare in Krefeld zu den Themen : Aufnahme und Integration in die Gemeinschaften, Leben und Arbeiten als alter Mensch bei Emmaus<br \/><br \/>Abendveranstaltungen zu den Themen : Stra\u00dfenkinder in Brasilien, neue Formen der Sklaverei in Afrika.<br \/><br \/>Regelm\u00e4\u00dfige Teilnahme von Johannes und Willi Does an internationalen Treffen<br \/><br \/>des \u201eCollectif Polen \/ Ukraine\u201c von Emmaus Europa<br \/><br \/>Enge und freundschaftliche Kooperation mit den deutschen Emmaus Gruppen in Krefeld und Sonsbeck ( Seminartage, Deutschlandtreffen, gemeinsamer Transport nach Iasi \/ Rum\u00e4nien)<br \/><br \/>Spenden:<br \/><br \/>Ende 2010 erhielt Emmaus einen gr\u00f6\u00dferen Geldspendenregen f\u00fcr die Obdachlosenarbeit in K\u00f6ln:<br \/><br \/>6.000,-\u20ac fa TNT Innight\/ 15.000,-\u20ac Fa Otten\/ 2.600,- \u20ac K\u00f6lner Pensionskasse<br \/><br \/>Von diesem Segen wurden bereits neue Thermok\u00fcbel und Tische angeschafft, des weiteren gaben wir 5.000,- \u20ac an Emmaus OSELYA \/ Lwiw weiter f\u00fcr deren Obdachlosenarbeit.<br \/><br \/>Geplant ist zudem der Kauf eines neuen Elektroherdes mit Backofen.<br \/><br \/>Ausblick in Stichworten:<br \/><br \/>Verbesserung der Motivation, Kommunikation und Eigenverantwortlichkeit der Emmaus Mitarbeiter.<br \/><br \/>Die Rolle der externen Mitarbeiter \/ Auslaufen der Vertr\u00e4ge der ARGE \/ weitere Besch\u00e4ftigungsm\u00f6glichkeiten<br \/><br \/>Rolle der Ehrenamtlichen in Bezug auf die M\u00f6glichkeiten und die \u201e Philosophie\u201c einer Emmaus Gemeinschaft<br \/><br \/>Weitere Investitionen gerade in Bezug auf die Abwasserproblematik an der Geestem\u00fcnderstr.<br \/><br \/>Weiterentwicklung des Konzeptes von 1997 , eventuell mit dem Schwerpunkt einer genossenschaftlichen Ausrichtung unter den Gesichtspunkten einer Solidarischen \u00d6konomie mit dem \u201eEmmaus- Gesicht\u201c<br \/><br \/>Den politischen Ungehorsam \u00fcben in Zeiten der Sozialk\u00fcrzungen, Unterbezahlungen, sklaven\u00e4hnlichen Arbeitsgelegenheiten.<br \/><br \/>Willi Does\/ Vorsitzender im Jan 2011.<\/div><\/div><br \/><\/div>","width":640,"height":426}