{"type":"rich","html":"<div style=\"width: 640; height: 426; font-family: sans-serif,arial,freesans;\" ><div id=\"shared_container_627564844\" class=\"shared_container\"><div id=\"shared_header_627564844\" class=\"shared_header\"><a href=\"https:\/\/emmaus-koeln.de\/channel\/info\"><img src=\"https:\/\/emmaus-koeln.de\/photo\/profile\/s\/4\" alt=\"Emmaus K\u00f6ln\" height=\"32\" width=\"32\" loading=\"lazy\" \/><\/a><span><a href=\"https:\/\/emmaus-koeln.de\/channel\/info\">Emmaus K\u00f6ln<\/a>  wrote the following  <a href=\"https:\/\/emmaus-koeln.de\/display\/7e67f05a-fdee-4611-b67d-082aeed9d5a5\">post <\/a><span class=\"autotime\" title=\"2009-04-03T11:01:36+02:00\">Fri, 03 Apr 2009 11:01:36 +0200<\/span><\/span><\/div><div id=\"reshared-content-627564844\" class=\"reshared-content\"><strong>ARMUT IN K\u00d6LN - Willi Does 2009<\/strong><br \/>Willi Does zu dem Thema &quot;Armut in K\u00f6ln&quot; und der Arbeit der Emmaus Gemeinschaft. Aufgenommen im K\u00f6lner &quot;Dom Forum&quot; am 3.4.2009 im Rahmen einer Veranstaltung zum 50igsten Jahres Jubil\u00e4um der K\u00f6lner Emmaus Gemeinschaft.<br \/><br \/><h1>Teil 1<\/h1><br \/><video poster=\"https:\/cloud\/info\/WEBSITE\/VIDEOS\/ARMUT-IN-KOELN_Willi-Does_Teil-1von2_03.04.2009_cover.jpg\" controls=\"controls\" preload=\"none\" src=\"https:\/cloud\/info\/WEBSITE\/VIDEOS\/ARMUT-IN-KOELN_Willi-Does_Teil-1von2_03.04.2009.mp4\" style=\"width:100%; max-width:425px\"><a href=\"https:\/cloud\/info\/WEBSITE\/VIDEOS\/ARMUT-IN-KOELN_Willi-Does_Teil-1von2_03.04.2009.mp4\">https:\/cloud\/info\/WEBSITE\/VIDEOS\/ARMUT-IN-KOELN_Willi-Does_Teil-1von2_03.04.2009.mp4<\/a><\/video><br \/><br \/>Transkript:<br \/><div onclick=\"openClose('opendiv-328515357'); return false;\" class=\"fakelink\">Click to open\/close<\/div><div id=\"opendiv-328515357\" style=\"display: none;\"><br \/>0:03<br \/>wir sind mal gefragt worden als<br \/>0:08<br \/>als die g\u00e4ste aus s\u00fcdamerika hatten<br \/>0:11<br \/>komisch ihr redet immer von armut aber<br \/>0:16<br \/>wir erst mal seit er kein armes land<br \/>0:19<br \/>was ist das f\u00fcr eine sch\u00f6ne besondere<br \/>0:22<br \/>armut wir sehen allerdings auch dass<br \/>0:25<br \/>viele menschen einfach nichts tun<br \/>0:26<br \/>einfach nur rumsitzen<br \/>0:28<br \/>auch da war ganz schnell sicher dass<br \/>0:32<br \/>dass es darunter armut geht die ganz<br \/>0:34<br \/>anders die struktur strukturiert ist wie<br \/>0:36<br \/>bei unseren kollegen in s\u00fcdamerika<br \/>0:39<br \/>indien afrika es ist beziehungs armut es<br \/>0:42<br \/>ist damit die<br \/>0:44<br \/>ja die damit zu tun hat dass man die<br \/>0:46<br \/>w\u00fcrde des menschen verloren hat<br \/>0:49<br \/>aus den nachrichten der letzten monate<br \/>0:53<br \/>habe ich ein paar beispiele<br \/>0:54<br \/>zum beispiel<br \/>0:57<br \/>war ich fand ich sehr beachtlich wie der<br \/>1:00<br \/>zeitung saison stand dass das<br \/>1:02<br \/>widerspruchsrecht eines b\u00fcrgers geknickt<br \/>1:06<br \/>worden ist man kann ja zu gericht gehen<br \/>1:08<br \/>fragt man sich nat\u00fcrlich wer geht denn<br \/>1:09<br \/>zu gericht bei kleinigkeiten ja also das<br \/>1:13<br \/>war f\u00fcr mich ein zum beispiel der<br \/>1:16<br \/>letzten monate deutlich wird dass<br \/>1:18<br \/>menschen die eigentlich nicht gew\u00f6hnt<br \/>1:20<br \/>sind rechtsstreite anzufangen auch bei<br \/>1:22<br \/>kleinigkeiten die fr\u00fcher einfach bei<br \/>1:25<br \/>einer beule widerspruch machen konnten<br \/>1:27<br \/>wie das einfach so so so weg geschoben<br \/>1:29<br \/>wird es wird dazu f\u00fchren dass sich die<br \/>1:32<br \/>die armen die kleinen die sich nicht so<br \/>1:35<br \/>wehren k\u00f6nnen die keinen rechtsbeistand<br \/>1:36<br \/>haben dann eben nicht nicht mehr ein<br \/>1:40<br \/>anderes beispiel<br \/>1:42<br \/>von einem von einem guten freund der bei<br \/>1:45<br \/>einer gro\u00dfen krankenkasse arbeitet zitat<br \/>1:47<br \/>wir sind angehalten<br \/>1:50<br \/>ganz offiziell zu sparen das hei\u00dft<br \/>1:53<br \/>wir m\u00fcssen leistungen verschweigen<br \/>1:58<br \/>damit machen die ihre boni sag ich mal<br \/>2:02<br \/>in andere viele andere beispiele haben<br \/>2:05<br \/>wir in unserer gemeinschaft wir sind ja<br \/>2:07<br \/>nicht nur eine gruppe die zusammen lebt<br \/>2:09<br \/>und arbeitet sondern wir besch\u00e4ftigen<br \/>2:11<br \/>auch einige menschen die hartz iv<br \/>2:14<br \/>bekommen erhalten<br \/>2:16<br \/>immer ist die die aussage wenn ich zu<br \/>2:19<br \/>meinem sachbearbeiter komme der alle<br \/>2:21<br \/>zwei wochen alle 32 monate zu alle<br \/>2:24<br \/>dauernd wechsels keiner ist zust\u00e4ndig<br \/>2:27<br \/>ich laufe eigentlich wie dort die chance<br \/>2:30<br \/>for easy windm\u00fchlen keiner will sich um<br \/>2:34<br \/>mich k\u00fcmmern und nat\u00fcrlich ist es auch<br \/>2:37<br \/>so dass es auch die realit\u00e4t unserer<br \/>2:40<br \/>gemeinschaft um unserer gemeinschaft<br \/>2:42<br \/>herum nat\u00fcrlich haben alle m\u00f6glichen<br \/>2:44<br \/>leute auch kleine gaunereien<br \/>2:50<br \/>hinter sich gebracht und das f\u00fchrt dann<br \/>2:53<br \/>auch dazu dass man es recht nicht die<br \/>2:55<br \/>karten auf den tisch legt bei beraten<br \/>2:58<br \/>also beh\u00f6rdeng\u00e4nge sind f\u00fcr unsere leute<br \/>3:00<br \/>immer die katastrophe da geht man lieber<br \/>3:02<br \/>nicht hin und oft ist so hat sich die<br \/>3:04<br \/>papiere und briefe stapeln und dann ist<br \/>3:08<br \/>unsere das ist wirklich unsere unsere<br \/>3:11<br \/>wahrnehmung und es braucht ganz lange<br \/>3:13<br \/>bis wir schritte in die bew\u00e4ltigung auch<br \/>3:16<br \/>von schulden von von von beantwortung<br \/>3:19<br \/>der von beh\u00f6rdenbriefen usw \u00fcberhaupt in<br \/>3:22<br \/>gang<br \/>3:23<br \/>bringen k\u00f6nnen<br \/>3:26<br \/>stattdessen h\u00e4lt mir allerdings auch auf<br \/>3:28<br \/>das ist jedes jahr dieses sch\u00f6ne fest<br \/>3:31<br \/>gibt wo die ehrenamtlichen eingeladen<br \/>3:33<br \/>werden finde ich ja alles ganz toll<br \/>3:34<br \/>ehrenamt aber wie w\u00e4re es denn wenn man<br \/>3:37<br \/>zur kenntnis nehmen dass die politik und<br \/>3:40<br \/>die verwaltung und die hingen die geld<br \/>3:42<br \/>haben vergessen<br \/>3:43<br \/>das ist wirklich die aufgabe des staates<br \/>3:45<br \/>ist die verantwortung zu \u00fcbernehmen auch<br \/>3:48<br \/>im sozialen bereich wenn es das wirklich<br \/>3:51<br \/>wieder gebe was eben schon mal erw\u00e4hnt<br \/>3:53<br \/>worden ist die soziale marktwirtschaft<br \/>3:55<br \/>wo auch die schwachen eine chance haben<br \/>3:59<br \/>dann erinnere ich mich an an dinge die<br \/>4:02<br \/>ich schon gibt einfach nur so<br \/>4:03<br \/>schlaglichter die mir so auf fahren wo<br \/>4:04<br \/>ich denke mensch komisch ist eigentlich<br \/>4:07<br \/>komisch und erstaunlich<br \/>4:08<br \/>eine so eine die ewige sonnt\u00e4gliche<br \/>4:11<br \/>talkrunde fr\u00fcherer christiansen jetzt<br \/>4:14<br \/>anne will wo mal wieder die demokratie<br \/>4:16<br \/>rauf und runter geritten wird und die<br \/>4:18<br \/>l\u00f6sung der welt immer wieder zelebriert<br \/>4:20<br \/>wird es ist einfach zum wo \u00fcber<br \/>4:24<br \/>politikverdrossenheit das war so ein<br \/>4:25<br \/>thema hat mich sehr besch\u00e4ftigt<br \/>4:29<br \/>und keiner ist das ist das ist meine<br \/>4:32<br \/>wahrnehmung ist wirklich ernsthaft<br \/>4:34<br \/>interessiert den bodensatz der<br \/>4:36<br \/>gesellschaft wirklich zur kenntnis zu<br \/>4:38<br \/>nehmen<br \/>4:41<br \/>lippenbekenntnisse sind gang und g\u00e4be<br \/>4:44<br \/>ein kleiner auszug von des<br \/>4:48<br \/>europaparlaments das m\u00f6chte ich ihnen<br \/>4:49<br \/>und euch gerne in ausz\u00fcgen einfach mal<br \/>4:52<br \/>zur kenntnis bringen man hat erkannt<br \/>4:54<br \/>dass es in europa obdachlose gibt<br \/>4:56<br \/>50 mio allerdings hat die das land<br \/>4:59<br \/>nordrhein-westfalen 15 prozent<br \/>5:02<br \/>1,5 millionen euro<br \/>5:05<br \/>geknickt f\u00fcr die<br \/>5:07<br \/>betreuung und die finanzierung von<br \/>5:10<br \/>obdachlosen stellen<br \/>5:11<br \/>zitat obdachlosigkeit in nordrhein<br \/>5:14<br \/>westfalen l\u00e4sst nach<br \/>5:16<br \/>die das europaparlament hat eine<br \/>5:19<br \/>erkl\u00e4rung abgegeben<br \/>5:23<br \/>ich war einfach nur ein kleine kleine<br \/>5:25<br \/>ausz\u00fcge hier in der erw\u00e4gung dass der<br \/>5:27<br \/>zugang zu angemessenen wohnraum ein<br \/>5:30<br \/>grundlegendes menschenrecht ist und der<br \/>5:32<br \/>zugang zu einer bleibe auf der erste<br \/>5:34<br \/>schritt hin zu geeigneten und<br \/>5:36<br \/>dauerhaften wohnm\u00f6glichkeiten f\u00fcr<br \/>5:38<br \/>menschen die von extremer armut und<br \/>5:41<br \/>ausgrenzung betroffen sind in der<br \/>5:43<br \/>erw\u00e4gung das ist in jedem winter \u00fcberall<br \/>5:45<br \/>in der europ\u00e4ischen union menschen gibt<br \/>5:48<br \/>die frieren weil es nicht genug<br \/>5:50<br \/>notunterk\u00fcnfte und mobile dienste gibt<br \/>5:52<br \/>in der erw\u00e4gung dass obdachlosigkeit die<br \/>5:54<br \/>sich die sichtbarste form von<br \/>5:57<br \/>wohnungslosigkeit ist die nur als teil<br \/>5:59<br \/>einer umfassenden ganzheitlichen<br \/>6:01<br \/>strategie wirksam bek\u00e4mpft werden kann<br \/>6:06<br \/>fordert der rat der europarat<br \/>6:09<br \/>auf die eu<br \/>6:12<br \/>die gremien der eu die obdachlosigkeit<br \/>6:16<br \/>bis zum jahr 2015 zu beenden<br \/>6:19<br \/>fordert die eu kommission auf eine<br \/>6:22<br \/>eu-rahmen definition von obdachlosigkeit<br \/>6:25<br \/>auszuarbeiten da merkt man schon dass<br \/>6:26<br \/>wird ein arbeitskreis geh\u00f6ren das ist<br \/>6:28<br \/>ganz wichtig vergleichbare und zul\u00e4ssige<br \/>6:30<br \/>statistische daten zu erheben und<br \/>6:32<br \/>j\u00e4hrlich \u00fcber die neuesten ma\u00dfnahmen und<br \/>6:34<br \/>fortschritte in den mitgliedstaaten zur<br \/>6:36<br \/>beendigung der obdachlosigkeit zu<br \/>6:37<br \/>berichten usw man merkt an diesen<br \/>6:40<br \/>anschlie\u00dfen aus an diesen ausf\u00fchrungen<br \/>6:43<br \/>es w\u00fcrden es werden liebten bekenntnisse<br \/>6:45<br \/>abgef\u00fchrt ausgef\u00fchrt meine frage unsere<br \/>6:49<br \/>frage ist gibt es \u00fcberhaupt noch einen<br \/>6:51<br \/>gemeinsamen blick f\u00fcr<br \/>6:54<br \/>das was hier wirtschaftlich und sozial<br \/>6:57<br \/>politisch in diesem lande und in europa<br \/>6:59<br \/>aufgerissen ist eine verwundete<br \/>7:02<br \/>gesellschaft die schaden nehmen wird<br \/>7:05<br \/>auch was die was die demokratie angeht<br \/>7:09<br \/>ich habe lange nicht verstanden<br \/>7:11<br \/>dass die globale die angst die<br \/>7:14<br \/>globalisierungsgegner gesagt haben das<br \/>7:16<br \/>wird auch probleme geben was das<br \/>7:18<br \/>demokratieverst\u00e4ndnis<br \/>7:19<br \/>anbetrifft mir ich ahne langsam wo das<br \/>7:22<br \/>wird was was gemeint ist wenn immer mehr<br \/>7:25<br \/>menschen den eindruck haben demokratie<br \/>7:26<br \/>ist wenn man alle vier jahre w\u00e4hlen geht<br \/>7:29<br \/>uns da oben in berlin oder in d\u00fcsseldorf<br \/>7:31<br \/>wird ohnehin gemacht was man will und<br \/>7:34<br \/>letztendlich sind die politiker am<br \/>7:36<br \/>langen wand der wirtschaft und der<br \/>7:38<br \/>banken<br \/>7:38<br \/>trotzt die 20 ergebnisse gestern wurde<br \/>7:42<br \/>mal wieder auch wieder lieb abgegeben<br \/>7:44<br \/>meiner meinung nach<br \/>7:48<br \/>hat sich also gerade in den letzten 20<br \/>7:50<br \/>jahren des neuen evangeliums der freien<br \/>7:53<br \/>marktwirtschaft eine unglaubliche auch<br \/>7:56<br \/>geistige verst\u00fcmmelung ja schon<br \/>7:58<br \/>verbl\u00f6dung gezeigt und hat sich nicht<br \/>8:00<br \/>das politische desinteresse zum beispiel<br \/>8:03<br \/>in den elternh\u00e4usern derart ausgebreitet<br \/>8:05<br \/>dass kinder und jugendlichen jugendliche<br \/>8:08<br \/>aus den unteren gesellschaftsklassen<br \/>8:10<br \/>tats\u00e4chlich schon auf verlorenem posten<br \/>8:12<br \/>sind und auch gef\u00e4lligst da bleiben<br \/>8:15<br \/>sollen sie sollen da bleiben gibt es<br \/>8:18<br \/>nicht schon zu lange eine<br \/>8:20<br \/>gesellschaftliche entwicklung die immer<br \/>8:22<br \/>deutlicher<br \/>8:23<br \/>einkommensschwache und einkommen zu lose<br \/>8:26<br \/>menschen ausgrenzt<br \/>8:28<br \/>zum nutzlosen beiwerk unseres landes<br \/>8:30<br \/>erkl\u00e4rt und deren schritte in die<br \/>8:32<br \/>gesellschaft hinein immer mehr verbaut<br \/>8:34<br \/>sind und da gibt es auch wieder jede<br \/>8:36<br \/>menge beispiele wenn ich an das<br \/>8:37<br \/>dreigliedrige bildungssystem denke<br \/>8:39<br \/>schulsystem kein mensch kann wirklich<br \/>8:41<br \/>ernsthaft<br \/>8:42<br \/>das was wir sagen schwulen anbetrifft<br \/>8:45<br \/>die konzepte der gesamtschule<br \/>8:46<br \/>eigentliche frage stellen es gibt ein<br \/>8:48<br \/>bestimmtes elitedenken in diesem in<br \/>8:50<br \/>diesem land und es soll dann so bleiben<br \/>8:52<br \/>wie es ist aus schluss<br \/><\/div><br \/><br \/><h1>Teil 2<\/h1><br \/><video poster=\"https:\/cloud\/info\/WEBSITE\/VIDEOS\/ARMUT-IN-KOELN_Willi-Does_Teil-2von2_03.04.2009_cover.jpg\" controls=\"controls\" preload=\"none\" src=\"https:\/cloud\/info\/WEBSITE\/VIDEOS\/ARMUT-IN-KOELN_Willi-Does_Teil-2von2_03.04.2009.mp4\" style=\"width:100%; max-width:425px\"><a href=\"https:\/cloud\/info\/WEBSITE\/VIDEOS\/ARMUT-IN-KOELN_Willi-Does_Teil-2von2_03.04.2009.mp4\">https:\/cloud\/info\/WEBSITE\/VIDEOS\/ARMUT-IN-KOELN_Willi-Does_Teil-2von2_03.04.2009.mp4<\/a><\/video><br \/><br \/>Transkript:<br \/><div onclick=\"openClose('opendiv-1690319072'); return false;\" class=\"fakelink\">Click to open\/close<\/div><div id=\"opendiv-1690319072\" style=\"display: none;\"><br \/>0:00<br \/>jetzt mal ein paar bisschen Hoffnung in<br \/>0:01<br \/>die ganze Geschichte<br \/>0:03<br \/>wir als Gemeinschaft sind fokussiert<br \/>0:06<br \/>eigentlich auf 20 Menschen die zusammen<br \/>0:08<br \/>leben und arbeiten und dann noch 10-15<br \/>0:11<br \/>Leute die<br \/>0:13<br \/>\u00fcber diese Hartz IV Gesetze \u00fcber uns<br \/>0:15<br \/>auch eine eine Arbeitsstelle finden<br \/>0:18<br \/>k\u00f6nnen und dazu dann mich erkenne sehr<br \/>0:22<br \/>viele die auch sehr engagiert<br \/>0:23<br \/>ehrenamtlich bei uns arbeiten weil<br \/>0:25<br \/>deutlich wird dass wir aufstehen m\u00fcssen<br \/>0:28<br \/>dass wir was tun m\u00fcssen und das hier die<br \/>0:31<br \/>einfachen Dinge tun m\u00fcssen<br \/>0:33<br \/>im oftmals im lokalen Bereich es gibt<br \/>0:37<br \/>einen sch\u00f6nen Spruch ich wei\u00df nicht wie<br \/>0:38<br \/>ein Recht hat der tr\u00e4gt mich zum<br \/>0:40<br \/>Beispiel immer<br \/>0:41<br \/>lokal denken und global global hat<br \/>0:45<br \/>denken und lokal handeln also das was<br \/>0:48<br \/>wir hier tun hier vor Ort tun hat<br \/>0:50<br \/>globale Wirkung das ist so und das muss<br \/>0:53<br \/>auch so sein<br \/>0:57<br \/>ich bin sicher das in den n\u00e4chsten 20<br \/>1:00<br \/>Jahren<br \/>1:03<br \/>alternative Modelle entstehen werden<br \/>1:06<br \/>die \u00e4hnlich sind wie die<br \/>1:09<br \/>emmausgemeinschaft die<br \/>1:10<br \/>genossenschaftliche Elemente haben<br \/>1:13<br \/>die Gemeinden die Kirchengemeinden die<br \/>1:16<br \/>ganz andere Wege gehen werden<br \/>1:19<br \/>und da f\u00fchle ich mich auch wieder sehr<br \/>1:21<br \/>erinnert an die Dinge die wir von<br \/>1:23<br \/>unseren Kollegen der Dritten Welt der<br \/>1:25<br \/>sogenannten Dritten Welt h\u00f6ren wenn wir<br \/>1:27<br \/>denn nicht selber Aufstehen in Indien<br \/>1:30<br \/>Chile S\u00fcdafrika in Berlin wer steht denn<br \/>1:34<br \/>f\u00fcr uns auf ja wir m\u00fcssen das schon<br \/>1:35<br \/>selber machen und die Arne dass wir<br \/>1:38<br \/>davon einiges zu lernen haben wenn wir<br \/>1:40<br \/>nicht selber Aufstehen wird uns keiner<br \/>1:42<br \/>retten<br \/>1:45<br \/>unsere Antworten von Emmaus sind<br \/>1:47<br \/>eigentlich eben schon erw\u00e4hnt ich z\u00e4hle<br \/>1:49<br \/>noch mal kurz auf<br \/>1:51<br \/>entkernsatz der emmausgemeinschaft ist<br \/>1:53<br \/>wie kann ich gl\u00fccklich sein wenn der<br \/>1:56<br \/>andere leidet unser Ziel genau auf<br \/>1:58<br \/>dieses Miteinander ab auf die wir<br \/>2:00<br \/>Menschen angewiesen sind<br \/>2:03<br \/>vielleicht lernen wir in den<br \/>2:05<br \/>Gemeinschaften in emmausgemeinschaften<br \/>2:06<br \/>und auch dass wir uns begrenzen m\u00fcssen<br \/>2:08<br \/>auf das Wesentliche Priorit\u00e4ten setzen<br \/>2:11<br \/>lernen<br \/>2:14<br \/>um einfach klar zu haben was<br \/>2:17<br \/>wirklich und wichtig ist<br \/>2:21<br \/>und ganz wichtiges Element unserer<br \/>2:23<br \/>Arbeit ist und das wird im Oktober wenn<br \/>2:27<br \/>wir unsere europ\u00e4ische<br \/>2:28<br \/>Regionalversammlung haben ein Workshop<br \/>2:30<br \/>sein wir machen dann Workshops zu<br \/>2:32<br \/>bestimmten Themen<br \/>2:34<br \/>ich kann das Wort im deutschen das kann<br \/>2:37<br \/>ich gar nicht so ausdr\u00fccken was man<br \/>2:38<br \/>meint wenn man von impower people<br \/>2:40<br \/>spricht wenn man das meint Menschen<br \/>2:42<br \/>bef\u00e4higen ich kann das gar nicht so<br \/>2:44<br \/>bef\u00e4higen ist einfach viel zu schwach<br \/>2:45<br \/>Leuten Statur geben ist eigentlich<br \/>2:47<br \/>gemeint Leute Leuten w\u00fcrde zur\u00fcckgeben<br \/>2:50<br \/>dass man empfinde ich wenn wir bei<br \/>2:53<br \/>Emmaus \u00fcber reden<br \/>2:58<br \/>und zwar von Menschen die man<br \/>2:59<br \/>abgeschrieben hat und die sich oft auch<br \/>3:01<br \/>selber abschreiben<br \/>3:03<br \/>wir brauchen eine andere Identit\u00e4t<br \/>3:06<br \/>die neu zu entdecken w\u00fcrde als<br \/>3:08<br \/>teilnehmendes Mitglied in einer anderen<br \/>3:10<br \/>Form von Gesellschaft<br \/>3:13<br \/>eine Alternative zu der Gesellschaft<br \/>3:16<br \/>die<br \/>3:18<br \/>uns das Gl\u00fcck immateriellen herunter<br \/>3:21<br \/>betet<br \/>3:25<br \/>wir brauchen auch den internationalen<br \/>3:27<br \/>Horizont ich habe dann eben schon mal<br \/>3:28<br \/>genannt<br \/>3:29<br \/>global denken und lokal handeln wir sind<br \/>3:33<br \/>gl\u00fccklich als emmausgemeinschaft in K\u00f6ln<br \/>3:34<br \/>dass wir seit Jahr 50 Jahren auch eben<br \/>3:37<br \/>diesen diesen Kontext haben viele<br \/>3:41<br \/>Freunde der Gemeinschaft sagen das ist<br \/>3:44<br \/>eine ganz besondere Qualit\u00e4t wir<br \/>3:47<br \/>quatschen nicht nur \u00fcber Dritte weltpoli<br \/>3:49<br \/>sondern die haben wir<br \/>3:50<br \/>bei uns die Leute leben kommen uns<br \/>3:53<br \/>besuchen wir haben die M\u00f6glichkeit weil<br \/>3:56<br \/>wir recht stabile Verh\u00e4ltnisse haben<br \/>3:58<br \/>finanzielle Verh\u00e4ltnisse haben unsere<br \/>4:01<br \/>Mitarbeiter auch zu internationalen<br \/>4:02<br \/>workgames zu schicken das wird also in<br \/>4:04<br \/>der Ausstellung auch hier Geb\u00fchren<br \/>4:06<br \/>erw\u00e4hnt das kostet ja alles Geld aber es<br \/>4:09<br \/>ver\u00e4ndert die Gesellschaft wenn man von<br \/>4:11<br \/>aus Bosnien wenn man aus<br \/>4:13<br \/>severinita nach Hause kommt wenn man in<br \/>4:17<br \/>Chile f\u00fcr die mapucci Indianer<br \/>4:19<br \/>irgendwelche Gottes gebaut hat kommt man<br \/>4:22<br \/>nach Hause und ist irgendwo ein anderer<br \/>4:24<br \/>Mensch<br \/>4:25<br \/>wir brauchen diesen internationalen<br \/>4:27<br \/>Horizont um auch die lokal um auch die<br \/>4:33<br \/>lokale Arbeit gut zu<br \/>4:35<br \/>bewerkstelligen als drittes und das ist<br \/>4:38<br \/>das was eben auch meine ich vom Franz<br \/>4:40<br \/>Meurer angesprochen ist immer wieder und<br \/>4:43<br \/>immer wieder neu auf lokaler Ebene auf<br \/>4:45<br \/>regionaler Ebene auf internationaler<br \/>4:48<br \/>Ebene<br \/>4:49<br \/>Netzwerke bauen Menschen suchen Gruppen<br \/>4:52<br \/>suchen die<br \/>4:54<br \/>\u00e4hnlich denken und die<br \/>4:57<br \/>diese<br \/>4:59<br \/>aufgerissene verwundete Gesellschaft<br \/>5:01<br \/>als das erkannt haben was sie ist<br \/>5:04<br \/>n\u00e4mlich krank und wir sind aufgerufen<br \/>5:08<br \/>f\u00fcr Heilung zu sorgen wir alle<br \/><br \/><\/div><\/div><\/div><br \/><\/div>","width":640,"height":426}