{"type":"rich","html":"<div style=\"width: 640; height: 426; font-family: sans-serif,arial,freesans;\" ><div id=\"shared_container_632504185\" class=\"shared_container\"><div id=\"shared_header_632504185\" class=\"shared_header\"><a href=\"https:\/\/emmaus-koeln.de\/channel\/info\"><img src=\"https:\/\/emmaus-koeln.de\/photo\/profile\/s\/4\" alt=\"Emmaus K\u00f6ln\" height=\"32\" width=\"32\" loading=\"lazy\" \/><\/a><span><a href=\"https:\/\/emmaus-koeln.de\/channel\/info\">Emmaus K\u00f6ln<\/a>  wrote the following  <a href=\"https:\/\/emmaus-koeln.de\/display\/695d0b67-ef5d-465b-8d35-636489e25818\">post <\/a><span class=\"autotime\" title=\"1994-09-15T09:01:10+02:00\">Thu, 15 Sep 1994 09:01:10 +0200<\/span><\/span><\/div><div id=\"reshared-content-632504185\" class=\"reshared-content\"><strong>ZDF \u00fcber Emmaus K\u00f6ln anl\u00e4sslich der Verleihung des Aachener Friedenspreises<\/strong><br \/><video poster=\"https:\/cloud\/info\/WEBSITE\/VIDEOS\/ZDF-ueber-Emmaus-K\u00f6ln_1994_cover.jpg\" controls=\"controls\" preload=\"none\" src=\"https:\/cloud\/info\/WEBSITE\/VIDEOS\/ZDF-ueber-Emmaus-K\u00f6ln_1994.mp4\" style=\"width:100%; max-width:425px\"><a href=\"https:\/cloud\/info\/WEBSITE\/VIDEOS\/ZDF-ueber-Emmaus-K\u00f6ln_1994.mp4\">https:\/cloud\/info\/WEBSITE\/VIDEOS\/ZDF-ueber-Emmaus-K\u00f6ln_1994.mp4<\/a><\/video><br \/><br \/>Die Emmaus Gemeinschaft wurde ihr Engagement f\u00fcr Obdachlose und Bed\u00fcrftige 1994 mit dem nationalen Aachener Friedenspreis ausgezeichnet. Am Beispiel der K\u00f6lner Gemeinschaft werden die Aktivit\u00e4ten in diesem Beitrag vorgestellt.<br \/>Der franz\u00f6sische Armenpriester und Gr\u00fcnder der Emmaus Gemeinschaft Abbe` Pierre besuchte die Gruppe in K\u00f6ln und stand f\u00fcr ein Interview zur Verf\u00fcgung.<\/div><\/div><br \/><\/div>","width":640,"height":426}