{"type":"rich","html":"<div style=\"width: 640; height: 426; font-family: sans-serif,arial,freesans;\" ><div id=\"shared_container_681323332\" class=\"shared_container\"><div id=\"shared_header_681323332\" class=\"shared_header\"><a href=\"https:\/\/emmaus-koeln.de\/channel\/info\"><img src=\"https:\/\/emmaus-koeln.de\/photo\/profile\/s\/4\" alt=\"Emmaus K\u00f6ln\" height=\"32\" width=\"32\" loading=\"lazy\" \/><\/a><span><a href=\"https:\/\/emmaus-koeln.de\/channel\/info\">Emmaus K\u00f6ln<\/a>  wrote the following  <a href=\"https:\/\/emmaus-koeln.de\/display\/674e5e13-3fab-4214-b9a8-43940760885a\">post <\/a><span class=\"autotime\" title=\"2024-11-21T21:09:14+01:00\">Thu, 21 Nov 2024 21:09:14 +0100<\/span><\/span><\/div><div id=\"reshared-content-681323332\" class=\"reshared-content\"><strong>Black Week\/ Black Friday in der Second Hand Halle in K\u00f6ln?<\/strong><br \/>Video von @miatrebies \/ 21-11-2024<br \/><br \/><video poster=\"https:\/cloud\/info\/WEBSITE\/VIDEOS\/@miatrebies_2024-11-21_cover.png\" controls=\"controls\" preload=\"none\" src=\"https:\/cloud\/info\/WEBSITE\/VIDEOS\/@miatrebies_2024-11-21.mp4\" style=\"width:100%; max-width:425px\"><a href=\"https:\/cloud\/info\/WEBSITE\/VIDEOS\/@miatrebies_2024-11-21.mp4\">https:\/cloud\/info\/WEBSITE\/VIDEOS\/@miatrebies_2024-11-21.mp4<\/a><\/video><br \/><br \/>Black Week\/ Black Friday in der Second Hand Halle in K\u00f6ln? Warum nicht!!! \ud83e\udd29 Denn es muss nicht immer neu geshoppt werden und diese Secondhalle in K\u00f6ln hat es wirklich in sich! Hier werden alle Secondhand Herzen bedient! \ud83e\udef6\ud83c\udffc Ob B\u00fccher, M\u00f6bel, Fahrr\u00e4der oder Dinge aus der eigentlichen Flohmarkthalle- hier ist f\u00fcr jeden was dabei! \ud83d\ude0d Am besten hat mir die Klamotten Auswahl vor Ort gefallen. Dieser Ort ist auf jeden Fall eine 10\/10 und somit eine ganz klare Empfehlung f\u00fcr einen Tr\u00f6delmarkt Besuch! Die Anreise nach K\u00f6ln lohnt sich auf alle F\u00e4lle, schon allein wegen der vielen Hallen sowie andere nahen Markthallen in K\u00f6ln. \ud83e\udd0c\ud83c\udffb #<a class=\"zrl\" href=\"https:\/\/emmaus-koeln.de\/search?tag=tr%C3%B6delmarkt\" target=\"_blank\" rel=\"nofollow noopener\">tr\u00f6delmarkt<\/a> #<a class=\"zrl\" href=\"https:\/\/emmaus-koeln.de\/search?tag=greenfriday\" target=\"_blank\" rel=\"nofollow noopener\">greenfriday<\/a> #<a class=\"zrl\" href=\"https:\/\/emmaus-koeln.de\/search?tag=kleinanzeigen\" target=\"_blank\" rel=\"nofollow noopener\">kleinanzeigen<\/a> #<a class=\"zrl\" href=\"https:\/\/emmaus-koeln.de\/search?tag=secondhandfashion\" target=\"_blank\" rel=\"nofollow noopener\">secondhandfashion<\/a> #<a class=\"zrl\" href=\"https:\/\/emmaus-koeln.de\/search?tag=flohmarkt\" target=\"_blank\" rel=\"nofollow noopener\">flohmarkt<\/a> #<a class=\"zrl\" href=\"https:\/\/emmaus-koeln.de\/search?tag=tr%C3%B6delmarkttipps\" target=\"_blank\" rel=\"nofollow noopener\">tr\u00f6delmarkttipps<\/a> #<a class=\"zrl\" href=\"https:\/\/emmaus-koeln.de\/search?tag=k%C3%B6ln\" target=\"_blank\" rel=\"nofollow noopener\">k\u00f6ln<\/a> #<a class=\"zrl\" href=\"https:\/\/emmaus-koeln.de\/search?tag=zweitehand\" target=\"_blank\" rel=\"nofollow noopener\">zweitehand<\/a> #<a class=\"zrl\" href=\"https:\/\/emmaus-koeln.de\/search?tag=vintage\" target=\"_blank\" rel=\"nofollow noopener\">vintage<\/a> #<a class=\"zrl\" href=\"https:\/\/emmaus-koeln.de\/search?tag=retro\" target=\"_blank\" rel=\"nofollow noopener\">retro<\/a> #<a class=\"zrl\" href=\"https:\/\/emmaus-koeln.de\/search?tag=emmaus\" target=\"_blank\" rel=\"nofollow noopener\">emmaus<\/a> #<a class=\"zrl\" href=\"https:\/\/emmaus-koeln.de\/search?tag=m%C3%B6belhalle\" target=\"_blank\" rel=\"nofollow noopener\">m\u00f6belhalle<\/a><br \/>Originalton - Mia<\/div><\/div><br \/><\/div>","width":640,"height":426}