{"type":"rich","html":"<div style=\"width: 640; height: 426; font-family: sans-serif,arial,freesans;\" ><div id=\"shared_container_1561819353\" class=\"shared_container\"><div id=\"shared_header_1561819353\" class=\"shared_header\"><a href=\"https:\/\/emmaus-koeln.de\/channel\/info\"><img src=\"https:\/\/emmaus-koeln.de\/photo\/profile\/s\/4\" alt=\"Emmaus K\u00f6ln\" height=\"32\" width=\"32\" loading=\"lazy\" \/><\/a><span><a href=\"https:\/\/emmaus-koeln.de\/channel\/info\">Emmaus K\u00f6ln<\/a>  wrote the following  <a href=\"https:\/\/emmaus-koeln.de\/display\/6466275f-0cbb-4f5b-80ef-cbc096c68735\">post <\/a><span class=\"autotime\" title=\"2015-02-26T11:31:53+01:00\">Thu, 26 Feb 2015 11:31:53 +0100<\/span><\/span><\/div><div id=\"reshared-content-1561819353\" class=\"reshared-content\"><strong>Nachruf Mr. Martine<\/strong><br \/><a class=\"zrl\" href=\"https:\/\/emmaus-koeln.de\/photos\/info\/image\/feda8d3c-83dd-446a-9b07-0dff4669ec56\" target=\"_blank\" rel=\"nofollow noopener\"><img class=\"zrl\" loading=\"eager\" style=\"width: 700px; max-width: 100%;\" alt=\"Image\/photo\" title=\"\" class=\"\" src=\"https:\/\/emmaus-koeln.de\/photo\/feda8d3c-83dd-446a-9b07-0dff4669ec56-1.jpg\" \/><\/a><br \/><br \/>Heute morgen Donnerstag, 26. Februar 2015 erhielten wir Nachricht aus Indien von<br \/>unseren Partnern und Freunden des VCDS:<br \/>Der Leiter des Projekts, Mr. Martine ist gestorben.<br \/><br \/>Emmaus in K\u00f6ln verband eine mehr als 30-j\u00e4hrige Freundschaft und Partnerschaft mit Kousalya und Martine, \u00fcber die Jahre haben wir versucht, im Rahmen unserer M\u00f6glichkeiten die vielf\u00e4ltigen sozialen Angebote des VCDS zu begleiten und mitzufinanzieren.<br \/><br \/>Dies ging vor allem in der Kooperation mit DESWOS.<br \/><br \/>Stephan und Maria Drechsler als ehemalige Leiter von Emmaus in K\u00f6ln und Stephan<br \/>in seiner Eigenschaft als Vizepr\u00e4sident von Emmaus International haben mehrfach<br \/>den VCDS besucht und kamen immer mit beeindruckenden Berichten \u00fcber die<br \/>dortigen Projekte und Arbeiten unter schwierigen politischen und sozialen Bedingungen zur\u00fcck.<br \/><br \/>Das unertr\u00e4gliche Los der Dalits (Unber\u00fchrbare), ihre Stigmatisierung und<br \/>Ausgrenzung aus der indischen Gesellschaft, wird nachhaltig durch den VCDS<br \/>bek\u00e4mpft mit:<br \/><br \/><ul class=\"listbullet\"><li>Schulungsprogramme f\u00fcr junge Menschen,<\/li><li>Wiederbelebung alter und vergessener Arbeitsweisen in der Landwirtschaft,(Subsistenzwirtschaft, lokale \u00d6konomie)<\/li><li>Belebung und F\u00f6rderung vor allem von sozialpolitischen Aktionen von Frauen.<\/li><\/ul><br \/>Die Emmaus Gemeinschaft in K\u00f6ln will auf jeden Fall mit unserem Partner VCDS weiterhin zusammenarbeiten.<br \/>Wir trauern um einen vision\u00e4ren Sozialreformer und \u2013 Streiter.<br \/>Emmaus in K\u00f6ln<br \/><br \/><a class=\"zrl\" href=\"https:\/\/emmaus-koeln.de\/photos\/info\/image\/20fb15b2-4ab2-443f-99bd-861e963fd62b\" target=\"_blank\" rel=\"nofollow noopener\"><img class=\"zrl\" style=\"max-width: 100%;\" src=\"https:\/\/emmaus-koeln.de\/photo\/20fb15b2-4ab2-443f-99bd-861e963fd62b-1.jpg\" alt=\"teaserbox_2456232006.jpg-t-1425660421.jpg\" title=\"teaserbox_2456232006.jpg-t-1425660421.jpg\" loading=\"eager\" \/><\/a><\/div><\/div><br \/><\/div>","width":640,"height":426}