{"type":"rich","html":"<div style=\"width: 640; height: 426; font-family: sans-serif,arial,freesans;\" ><div id=\"shared_container_531870250\" class=\"shared_container\"><div id=\"shared_header_531870250\" class=\"shared_header\"><a href=\"https:\/\/emmaus-koeln.de\/channel\/info\"><img src=\"https:\/\/emmaus-koeln.de\/photo\/profile\/s\/4\" alt=\"Emmaus K\u00f6ln\" height=\"32\" width=\"32\" loading=\"lazy\" \/><\/a><span><a href=\"https:\/\/emmaus-koeln.de\/channel\/info\">Emmaus K\u00f6ln<\/a>  wrote the following  <a href=\"https:\/\/emmaus-koeln.de\/display\/62258beb-5d57-4b83-bab4-ad27b8f5174c\">post <\/a><span class=\"autotime\" title=\"2019-10-29T17:05:49+01:00\">Tue, 29 Oct 2019 17:05:49 +0100<\/span><\/span><\/div><div id=\"reshared-content-531870250\" class=\"reshared-content\"><strong>Erkl\u00e4rung Regionalversammlung 2019<\/strong><br \/>Erkl\u00e4rung von Emmaus Europa<br \/><br \/>Die Emmaus-Gruppen und \u2013Gemeinschaften in Europa, als Teilnehmer der Regionalversammlung in San Sebastian vom 27 \u2013 31. Oktober 2019, erkl\u00e4ren unsere Entr\u00fcstung<br \/><br \/><ul class=\"listbullet\"><li>\u00fcber die aktuellen Ereignisse , in dem Werte und menschliche Errungenschaften unseres \u201eeurop\u00e4ischen Hauses\u201c ausradiert werden,<\/li><li>angesichts der t\u00e4glichen Erfahrung in unseren Gruppen und Gemeinschaften mit der Aufnahme und Integration von Menschen , w\u00e4hrend in Europa und der Welt rundum tausende Menschen mit Armut und Elend behaftet und einer rechtlosen Zukunft konfrontiert sind,<\/li><li>unsere grunds\u00e4tzlichen Prinzipien und Festlegungen gr\u00fcnden darauf, dass die Menschenrechte universal sind, und entsprechend die W\u00fcrde des Menschen an unseren Landesgrenzen und bei Auseinandersetzungen allerh\u00f6chste Bedeutung hat. Wir sind absolut davon \u00fcberzeugt, dass die gleiche W\u00fcrde, die gleichen Bedingungen, das Recht auf Freiz\u00fcgigkeit und die Hoffnung auf eine bessere Zukunft f\u00fcr alle und jeden beachtet werden m\u00fcssen.<\/li><\/ul><br \/><strong>Wir verurteilen daher:<\/strong><br \/><br \/><ul class=\"listbullet\"><li>Leid und Tod von Tausenden, die aus ihrem Land vertrieben, ausgebeutet, gefoltert und ermordet werden, oder bei Flucht \u00fcber Wasser und in W\u00fcsten zu Tode kommen ;<\/li><li>die graduelle und ungerechte Kriminalisierung der Armen, Chancenlosen und Menschen unter schwersten Lebensbedingungen. Sie bleiben ohne \u00f6ffentliche, staatliche F\u00fcrsorge und werden von einem gro\u00dfen Teil der europ\u00e4ischen Meinung \u00fcbersehen;<\/li><li>die b\u00fcrokratischen Verzerrungen, die Integration hemmen und dadurch viele Menschen in illegalen Lebenssituationen festhalten;<\/li><li>die fortschreitende und ungerechtfertigte Kriminalisierung von Menschen, die aktiv und kraftvoll f\u00fcr die Menschenrechte einstehen und damit die Werte menschlicher Existenz hoch halten und sicherstellen, dass internationales Recht und Menschenw\u00fcrde bei denen beginnt, die am meisten leiden;<\/li><li>das Fehlen politischer Einflussnahme in den europ\u00e4ischen Institutionen und Staaten bei der Abwehr von Unwahrheiten, die \u00fcber Migranten verbreitet werden, womit die wahren Ursachen der Auswanderung aus verarmten Staaten verdeckt werden: Krieg oder Opfer diktatorischer Politstrukturen.<\/li><\/ul><br \/>-\u00dcbernahme von Unwahrheiten als Ursache sozialen Abstiegs und das Schlie\u00dfen von Grenzen.<br \/><br \/><ul class=\"listbullet\"><li>die systematische Verletzung des \u00a7 13 der Menschenrechte, damit verbunden auch der personalen Rechte auf Frieden und Freiz\u00fcgigkeit. Menschenrecht ist ureigenes Recht eines jeden Individuums, also personales Recht. Als solche sind diese Rechte von den Verfassungen gesch\u00fctzt. Dennoch ist Zuwiderhandlung t\u00e4gliche Praxis.<\/li><li>die ablehnende Haltung beim Aufbau eines nachhaltigen, breit verteilten und leistungsf\u00e4higen Versorgungssystems.<\/li><\/ul><br \/><strong>Wir rufen Europ\u00e4ische Institutionen und nationale Regierungen auf:<\/strong><br \/><br \/><ul class=\"listbullet\"><li>Strategien zu entwerfen gegen Ungleichheit, Finanzspekulation und alle \u00f6konomische Aktivit\u00e4ten, die zu Ausbeutung, Armut und Abh\u00e4ngigkeit f\u00fchren,<\/li><li>diese Faktoren als haupts\u00e4chliche Ursachen von Migration und absurder Kriege unter den Armen in Europa und der Welt endlich zur Kenntnis zu nehmen<\/li><\/ul><br \/><ul class=\"listbullet\"><li>ein ausgleichendes Systems der Kooperation mit aufstrebenden Entwicklungsl\u00e4ndern einzurichten auf der Basis, dass historischer Mangel zur Wiederherstellung und Solidarit\u00e4t f\u00fchren muss;<\/li><li>R\u00fcstungslieferungen sofort zu stoppen, insbesondere an diktatorische Regimes und in Krisengebiete. Waffen bringen Tod und Elend und zwingen Tausende zur Emigration;<\/li><li>die Dublin Regelung[\/i] in der Form so abzu\u00e4ndern, dass die aufgenommenen Migranten sofort auf europ\u00e4ische L\u00e4nder verteilt werden und zwar gleichm\u00e4\u00dfig und ausgewogen;<\/li><li>die Privatisierung \u00f6ffentlicher Einrichtungen und der Visa Bestimmungen zu beenden, einem ungeeigneten und verz\u00f6gernden System f\u00fcr jene, die \u00fcber normale b\u00fcrokratische Verfahren einreisen m\u00f6chten;<\/li><li>direkte humanit\u00e4re Routen f\u00fcr Fl\u00fcchtende vor Krieg und Hunger einzurichten, auszubauen und zu koordinieren<\/li><li>Europ\u00e4ische Land- und Seenotrettungssysteme wieder einzurichten, im Zusammenspiel mit internationaler Wegbegleitung, unterst\u00fctzt und in Koope-ration mit allen einschl\u00e4gigen zivilen Organisationen, Kirchen und NGOs;<\/li><li>sofort die Zusammenarbeit mit der libyschen K\u00fcstenwache zu beenden. Von den UN wird \u00fcber Zusammenarbeit mit Waffenschiebern und miserabelsten Zust\u00e4nden in den Auffanglagern mit Raub, Gewalt und Folter berichtet;<\/li><li>sofort alle Abmachungen mit unseren Nachbarl\u00e4ndern zu durchleuchten bez\u00fcglich Einschr\u00e4nkung der Freiz\u00fcgigkeit und Beachtung der Menschenrechte;<\/li><li>die Auffanglager aufzul\u00f6sen und <em>Frontex<\/em> in eine Kooperations-und Rettungsinitiative umzuwandeln ,mit dem Ziel, Menschenrechte, einschlie\u00dflich Freiz\u00fcgigkeit zu festigen<\/li><\/ul><br \/><strong>Wir alle, die Emmaus-Gruppen und \u2013Gemeinschaften, sind uns einige mit allen Organisationen und Einzelpersonen und erheben uns f\u00fcr eine gerechtere und solidarisch ausgerichtete Weltgemeinschaft, und so werden wir fortfahren :<\/strong><br \/><br \/><ul class=\"listbullet\"><li>Mit[\/b] der Aufnahme von allen, die \u2013warum auch immer - zu uns kommen. In unseren Gemeinschaften und im Rahmen der lokalen Gegebenheiten zeigen wir einsichtig die Tatsache, dass Gemeinschaftsleben und Respekt vor dem Andersartigen m\u00f6glich sind und auch den Einzelnen erf\u00fcllen;<\/li><li><strong>Mit Hilfe und Ert\u00fcchtigung im Kampf gegen die Ursachen von Armut und Elend;<\/strong> <\/li><li>Mit \u00dcbereinstimmung, als eine Bewegung in ihrem Netzwerk, werden wir mit anderen europ\u00e4ischen und internationalen Gruppen fortfahren, die fundamentalen Rechte und W\u00fcrde jedes einzelnen Menschen wieder- zubeleben, beginnend bei jenen, die am meisten leiden, in Europa und weltweit<\/li><\/ul><br \/>Donostia\/ San Sebastian, 29.Oktober 2019<br \/><br \/>(\u00fcbersetzt von: G.Bornefeld)<\/div><\/div><br \/><\/div>","width":640,"height":426}