{"type":"rich","html":"<div style=\"width: 640; height: 426; font-family: sans-serif,arial,freesans;\" ><div id=\"shared_container_742376298\" class=\"shared_container\"><div id=\"shared_header_742376298\" class=\"shared_header\"><a href=\"https:\/\/emmaus-koeln.de\/channel\/info\"><img src=\"https:\/\/emmaus-koeln.de\/photo\/profile\/s\/4\" alt=\"Emmaus K\u00f6ln\" height=\"32\" width=\"32\" loading=\"lazy\" \/><\/a><span><a href=\"https:\/\/emmaus-koeln.de\/channel\/info\">Emmaus K\u00f6ln<\/a>  wrote the following  <a href=\"https:\/\/emmaus-koeln.de\/display\/5e8cbeab-6a9a-4cfa-89fb-bce939c4b3a7\">post <\/a><span class=\"autotime\" title=\"2018-11-15T08:35:25+01:00\">Thu, 15 Nov 2018 08:35:25 +0100<\/span><\/span><\/div><div id=\"reshared-content-742376298\" class=\"reshared-content\"><strong>\u201eNiklaus` komm in unser Haus \u2026.!\u201c<\/strong><br \/>Das K\u00f6lner Stra\u00dfennetz l\u00e4dt ein zu einer gemeinsamen Aktion mit und f\u00fcr Obdachlose<br \/><br \/>Am Dienstag, den <strong>4. Dezember 2018 ab 18 Uhr <\/strong> veranstaltet das K\u00f6lner Stra\u00dfennetz \u2013 B\u00fcndnis gegen Wohnungslosigkeit (ehemals AK Umbruch) unter dem Motto \u201eNiklaus komm in unser Haus...!\u201c eine gemeinsame Aktion mit und f\u00fcr Obdachlose. Die Aktion findet unter der Deutzer Br\u00fccke(linksrheinisch n\u00e4he Radstation\/Heumarkt)statt.<br \/><br \/>Der AK Stra\u00dfennetz hat hierzu nicht nur K\u00f6lner Obdachlose eingeladen, f\u00fcr die dieser Ort zwangsl\u00e4ufig zum \u201eZuhause\u201c geworden ist, sondern auch Vertreter aus Politik und Stadtgesellschaft:<br \/><br \/>Ihre Teilnahme haben die B\u00fcrgermeisterin der Stadt K\u00f6ln Elfi Scho-Antwerpes, die sozialpolitischen Sprecher<em>innen Marion Heuser (Die Gr\u00fcnen), Michael Paetzold (SPD) und Katja Hoyer (FDP), sowie die Filmemacher<\/em>in Tama Tobias Macht (Draussen) und Christoph Goldbeck (Unter der Br\u00fccke) zugesagt.<br \/><br \/>Weitere Unterst\u00fctzer der Aktion sind der Kabarettist Konrad Beikircher und Stadthistoriker Martin Stankowski. Neben Willy Does von Emmaus Europa haben sich auch Vertreter*innen der katholischen Arbeiterbewegung und Domkapitular Dominik Meiering angesagt.<br \/><br \/>Es soll Suppe f\u00fcr alle, ein w\u00e4rmendes Feuer, Musik und kurze Redebeitr\u00e4ge von den eingeladenen prominenten G\u00e4sten geben.<br \/><br \/>Zum neu gegr\u00fcndeten K\u00f6lner Stra\u00dfennetz, das schon seit mehr als 20 Jahren \u00f6ffentlichkeitswirksame Aktionen zum Thema Wohnungslosigkeit in K\u00f6ln organisiert, geh\u00f6ren der Benedikt Labre e.V.\/ OASE, DRAUSSENSEITER \u2013 Das K\u00f6lner Stra\u00dfenmagazin, die Initiative BAUEN-WOHNEN-ARBEITEN e.V., EMMAUS K\u00f6ln e.V., GUBBIO \u2013 Kath. Wohnungslosenseelsorge K\u00f6ln, die Evangelische Wohnungslosenseelsorge, KALZ e.V. mit GULLIVER und LORE und der VRINGSTREFF e.V.<br \/><br \/>Wir m\u00f6chten mit dieser Aktion auf die prek\u00e4re Situation obdachloser Menschen und auf den desolaten Wohnungsmarkt in K\u00f6ln hinweisen, der Obdachlosen zunehmend keine Chance mehr er\u00f6ffnet, eigenen Wohnraum zu beziehen.<br \/><br \/>Wir bitten Sie, durch Ihre Berichterstattung uns in unserer Arbeit mit und f\u00fcr arme und obdachlose Menschen zu unterst\u00fctzen.<br \/><br \/>F\u00fcr R\u00fcckfragen stehen die Mitglieder des AK Stra\u00dfennetz gerne zur Verf\u00fcgung<br \/><br \/>www.koelner-strassennetz.de<\/div><\/div><br \/><\/div>","width":640,"height":426}