{"type":"rich","html":"<div style=\"width: 640; height: 426; font-family: sans-serif,arial,freesans;\" ><div id=\"shared_container_469060172\" class=\"shared_container\"><div id=\"shared_header_469060172\" class=\"shared_header\"><a href=\"https:\/\/emmaus-koeln.de\/channel\/info\"><img src=\"https:\/\/emmaus-koeln.de\/photo\/profile\/s\/4\" alt=\"Emmaus K\u00f6ln\" height=\"32\" width=\"32\" loading=\"lazy\" \/><\/a><span><a href=\"https:\/\/emmaus-koeln.de\/channel\/info\">Emmaus K\u00f6ln<\/a>  wrote the following  <a href=\"https:\/\/emmaus-koeln.de\/display\/3ef6d9b4-9a65-488e-958f-82f03292126b\">post <\/a><span class=\"autotime\" title=\"1999-10-01T02:00:00+02:00\">Fri, 01 Oct 1999 02:00:00 +0200<\/span><\/span><\/div><div id=\"reshared-content-469060172\" class=\"reshared-content\"><strong>emmaus in K\u00f6ln - die Geschichte - 1999<\/strong><br \/>Anfang des Jahres standen vor allem die R\u00e4umungsarbeiten in der #<a class=\"zrl\" href=\"https:\/\/emmaus-koeln.de\/search?tag=Glanzstoff\" target=\"_blank\" rel=\"nofollow noopener\">Glanzstoff<\/a> an, die im Mai an den Vermieter #<a class=\"zrl\" href=\"https:\/\/emmaus-koeln.de\/search?tag=GEW\" target=\"_blank\" rel=\"nofollow noopener\">GEW<\/a> \u00fcbergeben wurde.<br \/><br \/>Ende November waren die Sanierungsarbeiten im #<a class=\"zrl\" href=\"https:\/\/emmaus-koeln.de\/search?tag=Guffantihaus\" target=\"_blank\" rel=\"nofollow noopener\">Guffantihaus<\/a> abgeschlossen, so dass die Gemeinschaft mit der Renovierung (Schleifen, Lackieren, Tappezieren und Streichen) beginnen konnte.<br \/><br \/>Ende Februar konnten wir uns mit einer dreiw\u00f6chigen Ausstellung, im Rahmen unserer 40-Jahr-Feier, im DOM-Forum pr\u00e4sentieren. Eine #<a class=\"zrl\" href=\"https:\/\/emmaus-koeln.de\/search?tag=Podiumsdiskussion\" target=\"_blank\" rel=\"nofollow noopener\">Podiumsdiskussion<\/a> zum Thema &quot;Selbsthilfe am Beispiel von emmaus&quot; rundete die Veranstaltung ab.<br \/>Im August feierten wir dann &quot;40 Jahre emmaus in K\u00f6ln&quot; in der #<a class=\"zrl\" href=\"https:\/\/emmaus-koeln.de\/search?tag=Verkaufshalle\" target=\"_blank\" rel=\"nofollow noopener\">Verkaufshalle<\/a> in der #<a class=\"zrl\" href=\"https:\/\/emmaus-koeln.de\/search?tag=Geestem%C3%BCnderstr\" target=\"_blank\" rel=\"nofollow noopener\">Geestem\u00fcnderstr<\/a>. mit vielen Freunden aus K\u00f6ln und Deutschland, aber auch aus anderen europ. L\u00e4ndern, S\u00fcdamerika und Indien.<br \/>Eine Woche sp\u00e4ter fuhren die Gemeinschaft und andere Vereinsmitglieder zu den Feierlichkeiten zum 50-j\u00e4hrigen Bestehen von emmaus nach #<a class=\"zrl\" href=\"https:\/\/emmaus-koeln.de\/search?tag=Orleans\" target=\"_blank\" rel=\"nofollow noopener\">Orleans<\/a>. In einer Messehalle genossen 5.000 &quot;Emm\u00e4use&quot; aus der ganzen Welt eine beeindruckende Pr\u00e4sentation der emmaus-Bewegung.<\/div><\/div><br \/><\/div>","width":640,"height":426}