{"type":"rich","html":"<div style=\"width: 640; height: 426; font-family: sans-serif,arial,freesans;\" ><div id=\"shared_container_1627194176\" class=\"shared_container\"><div id=\"shared_header_1627194176\" class=\"shared_header\"><a href=\"https:\/\/emmaus-koeln.de\/channel\/info\"><img src=\"https:\/\/emmaus-koeln.de\/photo\/profile\/s\/4\" alt=\"Emmaus K\u00f6ln\" height=\"32\" width=\"32\" loading=\"lazy\" \/><\/a><span><a href=\"https:\/\/emmaus-koeln.de\/channel\/info\">Emmaus K\u00f6ln<\/a>  wrote the following  <a href=\"https:\/\/emmaus-koeln.de\/display\/302f6a64-6e4d-4f36-98e6-a474ee6dc018\">post <\/a><span class=\"autotime\" title=\"2015-02-15T01:00:00+01:00\">Sun, 15 Feb 2015 01:00:00 +0100<\/span><\/span><\/div><div id=\"reshared-content-1627194176\" class=\"reshared-content\"><strong>T\u00e4tigkeitsbericht Emmaus Gemeinschaft in K\u00f6ln 2014<\/strong><br \/>Gemeinschaft \/ Personalsituation:<br \/><br \/>In 2014 lebten und arbeiteten in der Gemeinschaft zwischen 12-15 Personen. Krankenst\u00e4nde und langfristige Ausf\u00e4lle von z.T. langj\u00e4hrigen Mitarbeitern f\u00fchrten zu<br \/>wirklichen Engp\u00e4ssen bei Abholungen und Lieferungen.<br \/>Um die verschiedenen Hilfslieferungen zu beladen, mussten wir z.B. auf Mitarbeiter<br \/>der M\u00f6belhalle Riehl zur\u00fcckgreifen.<br \/>Ohne die Mitarbeit der Ehrenamtlichen im Emmaus-Betrieb, w\u00e4ren die Ausf\u00e4lle<br \/>kaum auszugleichen gewesen.<br \/>Des Weiteren verabschiedete die Gemeinschaft Georges Kreusch, einen langj\u00e4hrigen<br \/>Mitarbeiter und Mitbewohner, der aufgrund seiner schweren Erkrankung in ein Pflegeheim umziehen musste.<br \/><br \/>Mitte des Jahres beendete zudem Sascha Kramer seinen Bundesfreiwilligendienst bei<br \/>Emmaus. Weitere BewerberInnen f\u00fcr ebendiesen meldeten ihr Interesse bei Emmaus<br \/>und traten Schnuppertage an.<br \/>Auch in diesem Jahr besuchten Schulklassen, Firmgruppen und Praktikanten der BenedictSchool den Betrieb und die Gemeinschaft, um Einblicke in die t\u00e4gliche Arbeit<br \/>im Betrieb und am Appellhofplatz und in das Leben innerhalb der Gemeinschaft zu<br \/>bekommen. Solche Besuche sind fest im Alltag von Emmaus integriert und zu einem<br \/>Bestandteil geworden.<br \/><br \/>Einige Emmaus-Leute aus England, Polen und Frankreich besuchten<br \/><br \/>ebenfalls Emmaus in K\u00f6ln.<br \/><br \/>Des Weiteren erhielt Lisa K\u00fchn (ehemalige Auszubildende bei Emmaus) eine Vollzeitstelle im \u201eEmmaus-L\u00e4dchen\u201c in Nippes, wodurch sich die \u00d6ffnungszeiten ver\u00e4nderten und das L\u00e4dchen nun den ganzen Tag ge\u00f6ffnet ist (Montag-Freitag 10.00 Uhr \u2013 18.30 Uhr \/ Samstag 10.00 Uhr \u2013 14.00 Uhr). Somit ist ein neuer Arbeitsplatz geschaffen worden.<br \/><br \/>Arbeiten \/ Wirtschaftliches:<br \/><br \/>Die Einnahmen brachen in 2014 um ca 30.000,-\u20ac ein. Vor allem die Einnahmen im<br \/>M\u00f6bel- und Kleiderbereich gingen stark zur\u00fcck.<br \/>Die Gesamteinnahmen aus dem Verkauf in der Geestem\u00fcnderstra\u00dfe und dem L\u00e4dchen<br \/>in Nippes belaufen sich auf ca. 411.500,-\u20ac. Die Einnahmen des L\u00e4dchens beliefen<br \/>sich anteilig um 25.500,-\u20ac.<br \/>Insgesamt nahm Emmaus mit Spenden (82.000,-\u20ac) und Erstattungen etc. ca.<br \/>541.500,-\u20ac ein. Die Ausgaben schlugen mit ca. 543.000,-\u20ac zu Buche, sodass ein Defizit<br \/>von ca. 1.500,-\u20ac erwirtschaftet wurde.<br \/>Weihnachts- und Schmuckverk\u00e4ufe gegen Ende des Jahres an 4 Samstagen: 858,-\u20ac.<br \/>Weitere Einnahmen durch den Verkauf von \u00fcbersch\u00fcssigen Kleiders\u00e4cken. Insgesamt<br \/>30,37 Tonnen Bekleidung an Bethel. Einnahmen: 7146,-\u20ac.<br \/><br \/>Aktionen:<br \/><br \/>\u2022 Stabilisierung der Vereins- und Gemeinschaftsarbeit auf lokaler Ebene.<br \/>\u2022 Teilnahme an Veranstaltungen zum Thema Migration, Integration sowie \u00fcber<br \/>den Umgang mit Fl\u00fcchtlingen und Senioren im Stadtteil (Seniorennetzwerk<br \/>Niehl, etc.).<br \/>\u2022 Teilnahme von Gemeinschaftsmitgliedern an Treffen und Veranstaltungen der<br \/>\u201eB\u00fcrgerinitiative f\u00fcr Wohnen und Umwelt\u201c (BIWU \u2013 Longerich).<br \/>\u2022 Critical Mass: monatliche Fahrrad-Demonstration in der Innenstadt \/ regelm\u00e4\u00dfige<br \/>Teilnahme von Mitarbeitern.<br \/>\u2022 Familienflohmarkt im Lachemer Weg mit eigenem Verkaufsstand und musikalischem<br \/>Mitwirken.<br \/>\u2022 Teilnahme am Fahrrad-Sonderverkauf zu Beginn des Jahres in Sonsbeck.<br \/>\u2022 NRW Suppenk\u00fcchentreffen am 06. April in Dortmund.<br \/>\u2022 Umbau des \u201eEmmaus-L\u00e4dchens\u201c in Nippes mit neuer Verkaufstheke und Umkleidekabine.<br \/>Erstmalige Teilnahme des L\u00e4dchens am \u201eBlauen Abend in Nippes\u201c<br \/>am 05. September.<br \/>\u2022 Teilnahme von Mitarbeitern an Workcamps in Krakau\/Polen (Rudi Wilhelm)<br \/>und Vilnius\/Litauen (Thomas Hufen) und an Sitzungen von Emmaus-Europa in<br \/>den Gemeinschaften in Nowy Sacz\/Polen und Lwiw\/Ukraine.<br \/>\u2022 Teilnahme an der 10-j\u00e4hrigen Jubil\u00e4umsfeier von Gubbio.<br \/>\u2022 Teilnahme an Sitzung von Emmaus-Europa in Lampedusa zur Situation von<br \/>Fl\u00fcchtlingen.<br \/>\u2022 Besuch des Weihbischofs Melzer zu Gespr\u00e4chen mit Mitarbeitern im Betrieb<br \/>sowie Besuch des neuen Kardinals Woelki im Lachemer Weg sowie dessen<br \/>Teilnahme an der Essensausgabe am Appellhofplatz.<br \/>\u2022 Erneute Teilnahme am \u201e\u00d6korausch-Festival\u201c: Zeigen des Films \u201eWinter 54\u201c in<br \/>der M\u00f6belhalle bei Kaffee und Waffeln.<br \/>\u2022 Aktion am Appellhofplatz zum Appell von Abb\u00e9 Pierre vom 01. Februar 1954:<br \/>\u201eDer Aufstand zur G\u00fcte\u201c.<br \/>\u2022 Seminar- Wochenende bei Emmaus-Feniks in Holland \u00fcber die Grunds\u00e4tze und<br \/>Werte von Emmaus und deren Umsetzung.<br \/>\u2022 Emmaus in K\u00f6ln wurde 55! Konzert in der M\u00f6belhalle mit Rolly Brings &amp;<br \/>B\u00e4nd Ende August. Benefizkonzert f\u00fcr Emmaus-Lwiw in der Ukraine (1500,-\u20ac<br \/>Spenden).<br \/>\u2022 'Second Hand in K\u00f6ln': Mehrfache Treffen zum Thema:<br \/>\u2013 Fl\u00e4chendeckende Versorgung der K\u00f6lner Bev\u00f6lkerung mit SecondHand-Artikeln;<br \/>\u2013 Kleiderverwertung, nachdem die Stadt K\u00f6ln fl\u00e4chendeckend Altkleider sammelt.<br \/>\u2022 Weihnachts- und Schmuckverk\u00e4ufe am Jahresende.<br \/>\u2022 K\u00f6lnEngagiert 2014: Die Ehrenamtlichen der Emmaus-Gemeinschaft erhalten<br \/>den Ehrenamtspreis der Stadt K\u00f6ln feierlich im Alten Rathaus und auf dem<br \/>Heumarkt. Spende von 1000,-\u20ac f\u00fcr die Projekte von Emmaus.<br \/><br \/>Emmaus-Deutschland \/ Hilfstransporte:<br \/><br \/>Die Arbeit der einzelnen Gruppen unter und mit einander war zufriedenstellend, mehrere<br \/>gemeinsame Seminare konnten verwirklicht werden sowie Sonderverk\u00e4ufe und<br \/>Warenaustausch.<br \/>Dieses Jahr konnten wieder 7 Hilfstransporte mit jeweils circa 18 Tonnen Gebrauchtwaren (\u00fcberwiegend Kleidung, M\u00f6bel, Hausrat, Spielzeug und Elektroartikel) nach Osteuropa geschickt werden:<br \/><br \/>2x Lublin\/Polen (Februar, August), 2x Nowy Sacz\/Polen<br \/>(April, November), 2x Rzeszow\/Polen (Juni, Dezember), 1x Banja Luca\/Bosnien<br \/>(Juli).<br \/><br \/>Ausblick \/ Perspektiven:<br \/><br \/>\u2022 Wo soll Emmaus in 10-15 Jahren sein? Wie sind die Optionen wenn der Nutzungsvertrag Guffantihaus 2025 ausl\u00e4uft?<br \/>\u2022 Suche nach Mitarbeitern und Verantwortlichen f\u00fcr verschiedene Bereiche.<br \/>W\u00fcnsche der Emmaus-Gemeinschaft f\u00fcr 2015:<br \/>\u2022 Austausch mit anderen Emmaus-Gruppen (Polen)<br \/>\u2022 Teilnahme an Workcamps, ein Workcamp in K\u00f6ln.<br \/>\u2022 Konkrete Mitarbeit in Lwiw\/Ukraine.<br \/>\u2022 Weiterhin mehrere Hilfstransporte nach Osteuropa und hoffentlich bald wieder<br \/>nach Lwiw.<\/div><\/div><br \/><\/div>","width":640,"height":426}