{"type":"rich","html":"<div style=\"width: 640; height: 426; font-family: sans-serif,arial,freesans;\" ><div id=\"shared_container_1970809836\" class=\"shared_container\"><div id=\"shared_header_1970809836\" class=\"shared_header\"><a href=\"https:\/\/emmaus-koeln.de\/channel\/info\"><img src=\"https:\/\/emmaus-koeln.de\/photo\/profile\/s\/4\" alt=\"Emmaus K\u00f6ln\" height=\"32\" width=\"32\" loading=\"lazy\" \/><\/a><span><a href=\"https:\/\/emmaus-koeln.de\/channel\/info\">Emmaus K\u00f6ln<\/a>  wrote the following  <a href=\"https:\/\/emmaus-koeln.de\/display\/27d6b6b1-7f01-4e4d-92ba-22796dcc79f1\">post <\/a><span class=\"autotime\" title=\"2022-12-15T16:34:35+01:00\">Thu, 15 Dec 2022 16:34:35 +0100<\/span><\/span><\/div><div id=\"reshared-content-1970809836\" class=\"reshared-content\"><strong>Ehrenamtler 2022<\/strong><br \/>Liebe Freundinnen und Freunde,<br \/><br \/>zum Ende des Jahres 2022 erlaube ich mir, Ihnen\/ Euch allen f\u00fcr Euren\/ Ihren vielf\u00e4ltigen Einsatz bei Emmaus zu danken.<br \/><br \/>Immer wieder ist f\u00fcr mich verwunderlich und erstaunlich, dass die eigent\u00fcmliche Mischung aus Gemeinschaftern von Emmaus mit ihren manchmal gravierenden Lebensunf\u00e4llen und den ehrenamtlichen Mitarbeitern und F\u00f6rderern, die ganz konkret ihre Arbeit zusammen machen, immer wieder funktioniert.<br \/><br \/>Auch bei uns in K\u00f6ln sind vielf\u00e4ltige soziale Aktivit\u00e4ten immer in Verbindung mit der Gemeinschaft organisiert. So bilden die Freunde im Tr\u00e4gerverein wie die aus dem Umfeld, zusammen mit den Gemeinschaftern vielf\u00e4ltig wechselnde Teams z.B.in der Mitarbeit im Verkauf an der Geestem\u00fcnderstr., im Laden in Nippes, in der \u201eMobilen Suppenk\u00fcche Appellhofplatz\u201c.<br \/><br \/>Aber auch das m\u00fcssen wir bedenken:<br \/><br \/>In diesem Jahr sind wir einmal mehr angesprochen, uns um den Zustand unserer Erde wirklich Gedanken und Sorgen zu machen, nach Hitzesommern, D\u00fcrren, \u00dcberflutungen aber auch wegen des uns\u00e4glichen und unertr\u00e4glichen Leids von Menschen in Konfliktsituationen in Jemen, Ukraine , im Nahen Osten, und auch an den verbretterten Grenzz\u00e4unen Europas.<br \/><br \/>Trotz alledem: Lasst uns gemeinsam den Frieden suchen und uns f\u00fcr den Frieden einsetzen : in unseren Familien, in unseren Gemeinschaften und Nachbarschaften, in unseren St\u00e4dten und L\u00e4ndern. Es muss m\u00f6glich sein, unser Verhalten zu \u00e4ndern: um den Planeten und uns zu sch\u00fctzen um den Frieden zu sichern.<br \/><br \/>Auf weiterhin gute und gedeihliche Zusammenarbeit und nochmals vielen Dank.<br \/><br \/>K\u00f6ln, Advent 2022<br \/><br \/>Willi Does<\/div><\/div><br \/><\/div>","width":640,"height":426}