{"type":"rich","html":"<div style=\"width: 640; height: 426; font-family: sans-serif,arial,freesans;\" ><div id=\"shared_container_577191884\" class=\"shared_container\"><div id=\"shared_header_577191884\" class=\"shared_header\"><a href=\"https:\/\/emmaus-koeln.de\/channel\/info\"><img src=\"https:\/\/emmaus-koeln.de\/photo\/profile\/s\/4\" alt=\"Emmaus K\u00f6ln\" height=\"32\" width=\"32\" loading=\"lazy\" \/><\/a><span><a href=\"https:\/\/emmaus-koeln.de\/channel\/info\">Emmaus K\u00f6ln<\/a>  wrote the following  <a href=\"https:\/\/emmaus-koeln.de\/display\/27a4fe78-9eb7-4f6c-a92d-1f4189394334\">post <\/a><span class=\"autotime\" title=\"2025-05-15T16:36:57+02:00\">Thu, 15 May 2025 16:36:57 +0200<\/span><\/span><\/div><div id=\"reshared-content-577191884\" class=\"reshared-content\"><strong>Die Situation in der Ukraine \/ Zusammenfassung einer Videokonferenz von Emmaus Europe Januar 2025<\/strong><br \/><strong>Wie schaffen es die Menschen in der Ukraine, geistig und k\u00f6rperlich durchzuhalten, wenn n\u00e4chtliche Luftangriffswarnungen ert\u00f6nen? Wie k\u00f6nnen sie ihr Leben weiterleben, wenn ein geliebter Mensch an der Front ist? Wie k\u00f6nnen sie die Hoffnung bewahren, wenn die Friedensverhandlungen die Ukraine nicht als wichtigen Akteur betrachten?<\/strong><br \/><br \/><h1>Und nun zu Oselya \/ Emmaus in Lwiw :<\/h1><br \/><strong>Wie gelingt es ihnen, die Mitglieder der Gruppe angemessen unterzubringen und zu unterst\u00fctzen? Wie geht Emmaus Lwiw auf die Bed\u00fcrfnisse schutzbed\u00fcrftiger Menschen ein, die die Hauptlast des Krieges tragen? Woher nehmen sie die Kraft und die Ressourcen, die sie brauchen, um die Situation zu verbessern?<\/strong><br \/><br \/><a class=\"zrl\" href=\"https:\/\/emmaus-koeln.de\/photos\/info\/image\/2938aea1-8576-40af-b36a-64f2dd375115\" target=\"_blank\" rel=\"nofollow noopener\"><img class=\"zrl\" style=\"max-width: 100%;\" src=\"https:\/\/emmaus-koeln.de\/photo\/2938aea1-8576-40af-b36a-64f2dd375115-1.jpg\" alt=\"1.jpg\" title=\"1.jpg\" loading=\"eager\" \/><\/a><br \/><br \/>All diese Fragen wurden w\u00e4hrend des Treffens von Emmaus Europa diskutiert, an dem rund 60 Menschen aus rund zehn europ\u00e4ischen L\u00e4ndern teilnahmen. Natalia und Konstantyn, Gef\u00e4hrten von Emmaus Oselya, erz\u00e4hlten ihre Geschichte des Exils, der Trennung von ihrem Land und ihren famili\u00e4ren Bindungen \u2013 genau wie sechs Millionen Ukrainer seit 2022. Sie w\u00fcrdigten gleichzeitig die gegenseitige Unterst\u00fctzung und Solidarit\u00e4t, die sie in Emmaus\/Oselya erfahren haben. Natalia Sanotska, die Direktorin von Oselya und unerm\u00fcdliche Projektleiterin, wenn es darum geht, die langfristige Zukunft der Aktivit\u00e4ten der Gemeinschaft zu sichern, erinnerte Emmaus Europa daran, dass die Ukraine von der Orangen Revolution 2004 bis zur Maidan-Revolution 2014 stets ein friedliches Land gewesen sei. Bis zum Vorabend des Konflikts glaubte die ukrainische Gesellschaft an den Frieden. Heute \u201ebringt Putin uns um, und die einzige L\u00f6sung, die wir sehen, ist, zu den Waffen zu greifen und Widerstand zu leisten.\u201c Widerstand ist genau das, was die Gemeinschaft seit vielen Jahren leistet.<br \/><br \/><strong>Was kann Emmaus\/Oselya in Lwiw konkret leisten?<\/strong><br \/><br \/><ul class=\"listbullet\"><li>Die Zahl der Bewohner der Gemeinschaft hat sich zwischen 2020 und 2023 aufgrund des Krieges und der COVID-Pandemie mehr als verdoppelt \u2013 von 15 auf 36.<\/li><li>Emmaus Oselya verteilt seit 2020 monatlich Lebensmittel an 400 Menschen<\/li><li>Von September 2022 bis Januar 2023, w\u00e4hrend der heftigsten Bombardierungen des Gebiets um Lwiw, baute und er\u00f6ffnete die Gruppe eine Unterkunft \u201ef\u00fcr Menschen, die ihr Zuhause verloren haben\u201c (mit Mitteln des Emmaus Ukraine Fund). Die Unterkunft unterst\u00fctzt t\u00e4glich \u00fcber 100 Obdachlose, die vor allem deshalb obdachlos sind, weil sie aus den Kriegsgebieten fliehen mussten.<\/li><li>Seit Beginn des Konflikts bietet die Gruppe Workshops f\u00fcr kriegstraumatisierte Kinder und Erwachsene an. Mit Mitteln von Emmaus Europe und der Fondation pour le Logemens des D\u00e9favoris\u00e9s (ehemals Foundation Abb\u00e9 Pierre) konnte die Gruppe 2024 die Anzahl der Unterk\u00fcnfte in ihrer Gemeinschaft erh\u00f6hen und den Begleitern bessere Lebensbedingungen bieten.<\/li><li>Die Gruppe renovierte 2024\/25 ihre L\u00e4den und ihre M\u00f6belwerkstatt, um das Know-how der Mitarbeitenden besser zu pr\u00e4sentieren und ihre finanzielle Unabh\u00e4ngigkeit zu st\u00e4rken.<\/li><li>2025 renovierte die Gruppe eine Sozialwohnung f\u00fcr elf Personen, um ihre Unterkunft zu verbessern.<\/li><\/ul><br \/>Die Gruppe schafft all dies t\u00e4glich dank der St\u00e4rke ihrer motivierten Mitglieder und ihrer Hoffnung auf eine bessere Zukunft sowie dank der Unterst\u00fctzung der europ\u00e4ischen Emmaus-Gruppen. Ein gro\u00dfes Dankesch\u00f6n an alle, die an dem Treffen teilgenommen und den Geschichten des Exils zugeh\u00f6rt haben, sowie an alle, die die Solidarit\u00e4t in der Emmaus-Bewegung lebendig werden lassen.<a class=\"zrl\" href=\"https:\/\/emmaus-koeln.de\/photos\/info\/image\/b36681d8-35d7-45d9-8a3e-d8835d814b9f\" target=\"_blank\" rel=\"nofollow noopener\"><img class=\"zrl\" style=\"max-width: 100%;\" src=\"https:\/\/emmaus-koeln.de\/photo\/b36681d8-35d7-45d9-8a3e-d8835d814b9f-1.jpg\" alt=\"photo_2024-10-14_18-39-45.jpg\" title=\"photo_2024-10-14_18-39-45.jpg\" loading=\"eager\" \/><\/a><\/div><\/div><br \/><\/div>","width":640,"height":426}