{"type":"rich","html":"<div style=\"width: 640; height: 426; font-family: sans-serif,arial,freesans;\" ><div id=\"shared_container_1542860210\" class=\"shared_container\"><div id=\"shared_header_1542860210\" class=\"shared_header\"><a href=\"https:\/\/emmaus-koeln.de\/channel\/info\"><img src=\"https:\/\/emmaus-koeln.de\/photo\/profile\/s\/4\" alt=\"Emmaus K\u00f6ln\" height=\"32\" width=\"32\" loading=\"lazy\" \/><\/a><span><a href=\"https:\/\/emmaus-koeln.de\/channel\/info\">Emmaus K\u00f6ln<\/a>  wrote the following  <a href=\"https:\/\/emmaus-koeln.de\/display\/26c8f1a8-a968-465a-bb92-c7bae4844d8a\">post <\/a><span class=\"autotime\" title=\"2009-04-03T09:57:25+02:00\">Fri, 03 Apr 2009 09:57:25 +0200<\/span><\/span><\/div><div id=\"reshared-content-1542860210\" class=\"reshared-content\"><strong>DIE TAFELN UND DIE ARMUT IN K\u00d6LN - Willi Does u. Franz Meurer<\/strong><br \/><video poster=\"https:\/cloud\/info\/WEBSITE\/VIDEOS\/DIE-TAFELN-UND-DIE-ARMUT-IN-KOLN_Willi-Does-und-Franz-Meurer_03.04.2009_cover.jpg\" controls=\"controls\" preload=\"none\" src=\"https:\/\/emmaus-koeln.de\/cloud\/info\/WEBSITE\/VIDEOS\/DIE-TAFELN-UND-DIE-ARMUT-IN-KOLN_Willi-Does-und-Franz-Meurer_03.04.2009.mp4\" style=\"width:100%; max-width:425px\"><a href=\"https:\/\/emmaus-koeln.de\/cloud\/info\/WEBSITE\/VIDEOS\/DIE-TAFELN-UND-DIE-ARMUT-IN-KOLN_Willi-Does-und-Franz-Meurer_03.04.2009.mp4\">https:\/\/emmaus-koeln.de\/cloud\/info\/WEBSITE\/VIDEOS\/DIE-TAFELN-UND-DIE-ARMUT-IN-KOLN_Willi-Does-und-Franz-Meurer_03.04.2009.mp4<\/a><\/video><br \/><br \/>Willi Does und Franz Meurer zu dem Thema &quot;DIE TAFELN UND DIE ARMUT IN K\u00d6LN&quot;. Aufgenommen im K\u00f6lner &quot;Dom Forum&quot; am 3.4.2009 im Rahmen einer Veranstaltung zum 50igsten Jahres Jubil\u00e4um der K\u00f6lner Emmaus Gemeinschaft.<br \/><br \/>Transkript:<br \/><div onclick=\"openClose('opendiv-1579629622'); return false;\" class=\"fakelink\">Click to open\/close<\/div><div id=\"opendiv-1579629622\" style=\"display: none;\"><br \/>0:06<br \/><br \/>interessiert also<br \/><br \/>0:08<br \/><br \/>folgendes in Berlin ist geht die<br \/><br \/>0:10<br \/><br \/>Sozialbeh\u00f6rde davon aus es gibt<br \/><br \/>0:14<br \/><br \/>Tafeln Tafeln sorgen f\u00fcr<br \/><br \/>0:19<br \/><br \/>Sozialhilfeempf\u00e4nger die Sozialhilfe<br \/><br \/>0:21<br \/><br \/>kann gek\u00fcrzt werden wenn es eine Tafel<br \/><br \/>0:24<br \/><br \/>gibt es<br \/><br \/>0:26<br \/><br \/>gibt das Ger\u00fccht ich wei\u00df es nicht ob<br \/><br \/>0:29<br \/><br \/>das ein Ger\u00fccht ist ob es wirklich so<br \/><br \/>0:30<br \/><br \/>ist dass die erste Tafel von Kienbaum<br \/><br \/>0:34<br \/><br \/>gegr\u00fcndet wurde von dem<br \/><br \/>0:36<br \/><br \/>Unternehmensberater Kienbaum um<br \/><br \/>0:39<br \/><br \/>Steuergelder zu sparen<br \/><br \/>0:43<br \/><br \/>ich wollte einfach mal das in die<br \/><br \/>0:45<br \/><br \/>Diskussion reinwerfen nat\u00fcrlich ist es<br \/><br \/>0:47<br \/><br \/>wichtig dass wir Menschen helfen aber es<br \/><br \/>0:49<br \/><br \/>gibt genau die entgegengesetzte Seite<br \/><br \/>0:51<br \/><br \/>der Politik die dann sagt ja ist ja<br \/><br \/>0:54<br \/><br \/>wunderbar dass Sie uns helfen dass sie<br \/><br \/>0:56<br \/><br \/>n\u00fctzlichen<br \/><br \/>0:57<br \/><br \/>Idioten sagen die so weil dann brauchen<br \/><br \/>0:59<br \/><br \/>wir die diese 1,5 Millionen Euro nicht<br \/><br \/>1:01<br \/><br \/>mehr denn die Obdachlosigkeit ist ja<br \/><br \/>1:03<br \/><br \/>weniger<br \/><br \/>1:04<br \/><br \/>geworden das ist dieses Spannungsfeld<br \/><br \/>1:06<br \/><br \/>und ich wollte einfach mal das an dieser<br \/><br \/>1:08<br \/><br \/>Tafel mal<br \/><br \/>1:09<br \/><br \/>ansprechen kann reagieren ich habe vor<br \/><br \/>1:13<br \/><br \/>einiger Zeit ich glaube im publikforum<br \/><br \/>1:15<br \/><br \/>einen Artikel gelesen wo genau das Thema<br \/><br \/>1:18<br \/><br \/>was die Tafeln anbetrifft und den Schuh<br \/><br \/>1:20<br \/><br \/>muss man sich dann auch<br \/><br \/>1:24<br \/><br \/>anziehen kritisiert wurde oder es war im<br \/><br \/>1:27<br \/><br \/>Freitag in dem politischen Zeitung \u00e4h<br \/><br \/>1:31<br \/><br \/>die Tafeln zementieren den Status Quo<br \/><br \/>1:34<br \/><br \/>und die die stellen keine Polit keine<br \/><br \/>1:36<br \/><br \/>sozialpolitische Frage und das hat man<br \/><br \/>1:38<br \/><br \/>auch nach meinem verst\u00e4nd nach meinem<br \/><br \/>1:40<br \/><br \/>Kenntnisstand mit Emmaus und dem abipier<br \/><br \/>1:43<br \/><br \/>auch<br \/><br \/>1:44<br \/><br \/>gemacht unsere Antwort ist aber auch<br \/><br \/>1:47<br \/><br \/>dass wir sagen die Emus Gemeinschaften<br \/><br \/>1:49<br \/><br \/>die US Gruppen es gibt ja nicht nur<br \/><br \/>1:51<br \/><br \/>Gemeinschaften sondern alle m\u00f6glichen<br \/><br \/>1:52<br \/><br \/>Initiativen sollen Not lindern das ist<br \/><br \/>1:55<br \/><br \/>eine ganz wichtige Funktion sie sollen<br \/><br \/>1:57<br \/><br \/>aber auch die Ursachen von not bek\u00e4mpfen<br \/><br \/>1:59<br \/><br \/>bzw zerst\u00f6ren also da ist beides drin<br \/><br \/>2:02<br \/><br \/>also eine Emus Aktivit\u00e4t die nur Almosen<br \/><br \/>2:05<br \/><br \/>verteilt ist nach unserem<br \/><br \/>2:08<br \/><br \/>Verst\u00e4ndnis ja dann ich sag das sehr<br \/><br \/>2:10<br \/><br \/>ungern im im Hause ein der katholischen<br \/><br \/>2:12<br \/><br \/>Kirche das ist Barmherzigkeit das ist<br \/><br \/>2:14<br \/><br \/>nicht unser Stil unser Stil ist Arbeit<br \/><br \/>2:18<br \/><br \/>Arbeitspl\u00e4tze schaffen derr drehup ist<br \/><br \/>2:20<br \/><br \/>von der berufsgcha deswegen wir wollen<br \/><br \/>2:22<br \/><br \/>ja Arbeit schaffen und mit allen<br \/><br \/>2:24<br \/><br \/>m\u00f6glichen Problemen die wir nat\u00fcrlich<br \/><br \/>2:25<br \/><br \/>damit haben auch bestimmte Kriterien zu<br \/><br \/>2:29<br \/><br \/>erf\u00fcllen aber wir wollen eigentlich<br \/><br \/>2:31<br \/><br \/>keine Barmherzigkeit es ist ein<br \/><br \/>2:33<br \/><br \/>Menschenrecht und nicht eine Frage von<br \/><br \/>2:35<br \/><br \/>Barmherzigkeit nach meinem daf\u00fcr<br \/><br \/>2:36<br \/><br \/>halalten jemandem jemandem etwas vo die<br \/><br \/>2:41<br \/><br \/>Brosamen die runtergefallen sind<br \/><br \/>2:43<br \/><br \/>abzugeben um die Frage geht's gar nicht<br \/><br \/>2:45<br \/><br \/>es gibt den den ziemlich bekannten<br \/><br \/>2:47<br \/><br \/>Soziologen sennet Richard sennet der mal<br \/><br \/>2:50<br \/><br \/>gesagt hat Solidarit\u00e4t hat was damit zu<br \/><br \/>2:52<br \/><br \/>tun dass Menschen in Bed\u00fcrfnissen die<br \/><br \/>2:55<br \/><br \/>mit mit mit mit die Bed\u00fcrfnisse haben<br \/><br \/>2:57<br \/><br \/>trotzdem lernen zu teilen w\u00e4h<br \/><br \/>2:59<br \/><br \/>Barmherzigkeit oder<br \/><br \/>3:01<br \/><br \/>almosenbetrieb dazu einfach nur dazu<br \/><br \/>3:04<br \/><br \/>f\u00fchrt dass man das Portemonnaie aufmacht<br \/><br \/>3:06<br \/><br \/>und schmei\u00dft mal eben den Tausender raus<br \/><br \/>3:09<br \/><br \/>und dann hat man gutes Werk getan genau<br \/><br \/>3:11<br \/><br \/>das ist nicht der Ansatz von Emmaus aber<br \/><br \/>3:13<br \/><br \/>trotzdem bewegen wir uns immer in der in<br \/><br \/>3:15<br \/><br \/>der m\u00f6chte ich ih Recht geben in der in<br \/><br \/>3:17<br \/><br \/>der in dem Zwiespalt sind wir zu sehr<br \/><br \/>3:20<br \/><br \/>barmherzig oder machen wir auch mal ein<br \/><br \/>3:22<br \/><br \/>politischen Fass<br \/><br \/>3:24<br \/><br \/>auf ja gut da w\u00e4 mein Anspruch ein<br \/><br \/>3:27<br \/><br \/>anderer n\u00e4mlich Politik ist<br \/><br \/>3:30<br \/><br \/>etwas was unser Job ist Punkt und wenn<br \/><br \/>3:34<br \/><br \/>wir das nicht hinkriegen in der Stadt<br \/><br \/>3:36<br \/><br \/>dann haben wir ein Problem und nicht<br \/><br \/>3:38<br \/><br \/>irgendwelche 90 Ratsmitglieder oder die<br \/><br \/>3:42<br \/><br \/>die Landesregierung es ist kein<br \/><br \/>3:43<br \/><br \/>gegen\u00fcber Richard sendet sein vorletztes<br \/><br \/>3:46<br \/><br \/>Buch hei\u00dft auch Respekt im Zeitalter der<br \/><br \/>3:48<br \/><br \/>Ungleichheit wir leben jetzt im<br \/><br \/>3:50<br \/><br \/>Zeitalter der Ungleichheit Schluss Ende<br \/><br \/>3:53<br \/><br \/>Bums was wir machen ist z.B bei uns kann<br \/><br \/>3:55<br \/><br \/>man nichts kaufen alles ist umsonst<br \/><br \/>3:58<br \/><br \/>Pharfeste wo man was bezahlen muss die halte<br \/><br \/>4:01<br \/><br \/>ich f\u00fcr asozial ich bin politisch<br \/><br \/>4:02<br \/><br \/>vielleicht noch viel sch\u00e4rfer als sie<br \/><br \/>4:04<br \/><br \/>also ich bin f\u00fcr Mindestlohn ich bin<br \/><br \/>4:06<br \/><br \/>selbstverst\u00e4ndlich f\u00fcr ein<br \/><br \/>4:07<br \/><br \/>Grundeinkommen ich bin f\u00fcr enormen<br \/><br \/>4:09<br \/><br \/>Egalitarismus warum weil ich als 40<br \/><br \/>4:13<br \/><br \/>Jahre CDU Mitglied \u00fcber 40 Jahre wei\u00df<br \/><br \/>4:16<br \/><br \/>dass man als Christ<br \/><br \/>4:20<br \/><br \/>\u00fcberhaupt verschiedene politische<br \/><br \/>4:21<br \/><br \/>Richtungen akzeptieren kann wenn die<br \/><br \/>4:23<br \/><br \/>Grundbed\u00fcrfniss und vor allen Dingen die<br \/><br \/>4:25<br \/><br \/>Partizipation an Kultur gew\u00e4hrleistet<br \/><br \/>4:27<br \/><br \/>ist das hei\u00dft ich w\u00fcrde eine ganz andere<br \/><br \/>4:30<br \/><br \/>Position einnehmen ich w\u00fcrde sagen ist<br \/><br \/>4:32<br \/><br \/>da unser Bier was die Politik macht und<br \/><br \/>4:34<br \/><br \/>sonst nichts in K\u00f6ln z.B und in K\u00f6ln<br \/><br \/>4:36<br \/><br \/>sieht ja teilweise au\u00dferordentlich gut<br \/><br \/>4:39<br \/><br \/>aus Tafeln sind ein Problem bin ich ein<br \/><br \/>4:41<br \/><br \/>gro\u00dfer Kritiker begeben jede Woche 600<br \/><br \/>4:43<br \/><br \/>Leuten Lebensmittel finde ich \u00fcberhaupt<br \/><br \/>4:45<br \/><br \/>nicht in Ordnung aber die Leute sagen<br \/><br \/>4:47<br \/><br \/>bitte macht es weiter oder gestern war<br \/><br \/>4:49<br \/><br \/>ein weinender Mann da wo s ja unsere<br \/><br \/>4:51<br \/><br \/>beiden Sekret\u00e4rinnen also die immer<br \/><br \/>4:52<br \/><br \/>zugleich da sind Hal halbtageskr\u00e4fte aus<br \/><br \/>4:56<br \/><br \/>Sicherheitsgr\u00fcnden will ich immer da<br \/><br \/>4:58<br \/><br \/>zwei da sind das ist auch real<br \/><br \/>5:00<br \/><br \/>ja selbst die waren richtig bewegt ja<br \/><br \/>5:03<br \/><br \/>der Mann klebte am Fliegenf\u00e4nger weil<br \/><br \/>5:06<br \/><br \/>Bischof WN gesagt was der Feudalismus im<br \/><br \/>5:09<br \/><br \/>Mittelalter war sind heute Besitzgier<br \/><br \/>5:14<br \/><br \/>und B\u00fcrokratie die kleinen Leute macht<br \/><br \/>5:17<br \/><br \/>nicht nur die Besitzgier der anderen<br \/><br \/>5:19<br \/><br \/>kaputt sondern auch die B\u00fcrokratie dass<br \/><br \/>5:21<br \/><br \/>du das Leben einfach nicht mehr<br \/><br \/>5:23<br \/><br \/>\u00fcberblicken kannst du kriegst ja nicht<br \/><br \/>5:24<br \/><br \/>die regelt und jeder der hier oben sitzt<br \/><br \/>5:26<br \/><br \/>wei\u00df wie viel Aktenordner oder heute was<br \/><br \/>5:30<br \/><br \/>wei\u00df ich Festplatten mal voll machen<br \/><br \/>5:32<br \/><br \/>muss bevor man jemand mit einem halbwegs<br \/><br \/>5:35<br \/><br \/>ja schwierigen biografischen Hintergrund<br \/><br \/>5:38<br \/><br \/>von der Stra\u00dfe in normale Verh\u00e4ltnisse<br \/><br \/>5:40<br \/><br \/>reinbekommt wenn er es denn will also<br \/><br \/>5:42<br \/><br \/>normale Verh\u00e4ltnisse sind das will ich<br \/><br \/>5:44<br \/><br \/>ja nicht jetzt aufmachen der fast also<br \/><br \/>5:46<br \/><br \/>die Frage ist was Politik ist<br \/><br \/>5:49<br \/><br \/>ensberger sagt auch in modernen<br \/><br \/>5:51<br \/><br \/>Gesellschaften kann heute jeder von uns<br \/><br \/>5:54<br \/><br \/>\u00fcberfl\u00fcssig sein wohin mit ihm also<br \/><br \/>5:57<br \/><br \/>diese Segmentierung diese Segregation<br \/><br \/>5:59<br \/><br \/>z.B wir alle wissen was Kinder bis zum<br \/><br \/>6:02<br \/><br \/>sechsten Lebensjahr nicht in der<br \/><br \/>6:04<br \/><br \/>Hirnentwicklung geschafft haben ist<br \/><br \/>6:08<br \/><br \/>vorbei genau alles \u00fc s\u00fcns es ist vorbei<br \/><br \/>6:12<br \/><br \/>und wir wissen genau wir lassen ein ganz<br \/><br \/>6:14<br \/><br \/>gro\u00dfen Teil der Kinder hier in dieser<br \/><br \/>6:16<br \/><br \/>Stadt verwahrlosen sehenden Auges und<br \/><br \/>6:19<br \/><br \/>wir delegieren die Probleme immer noch<br \/><br \/>6:22<br \/><br \/>an Sozialarbeiter soziale Einrichtung<br \/><br \/>6:24<br \/><br \/>obwohl wir wissen das funktioniert nicht<br \/><br \/>6:27<br \/><br \/>mehr das ist die Realit\u00e4t so ihr macht<br \/><br \/>6:29<br \/><br \/>Hilfe zur Selbsthilfe deswegen sitze ich<br \/><br \/>6:31<br \/><br \/>hier das finde ich beeindruckend vom<br \/><br \/>6:33<br \/><br \/>Grundsatz her wollt ihr keine<br \/><br \/>6:35<br \/><br \/>Staatsknete haben ja hat vi bin ich aus<br \/><br \/>6:38<br \/><br \/>einem Grund daf\u00fcr unsere Hz vier Leute<br \/><br \/>6:40<br \/><br \/>die machen auch weiter wenn es nicht<br \/><br \/>6:41<br \/><br \/>mehr kommt dann machen die Ehrenamt<br \/><br \/>6:43<br \/><br \/>nicht weiter die kriegen nat\u00fcrlich essen<br \/><br \/>6:44<br \/><br \/>trinken die partizipieren die k\u00f6nnen mit<br \/><br \/>6:46<br \/><br \/>Auto nach M\u00fcnchen fahren FC gucken<br \/><br \/>6:48<br \/><br \/>machen die nur einmal danach ist man ja<br \/><br \/>6:50<br \/><br \/>ganz kaputt ja wenn man wieder zur\u00fcck<br \/><br \/>6:52<br \/><br \/>ist trotz \u00dcbernachtung ja die haben<br \/><br \/>6:54<br \/><br \/>selbstverst\u00e4ndlich am transportteil die<br \/><br \/>6:56<br \/><br \/>kriegen nat\u00fcrlich fahren die bei<br \/><br \/>6:58<br \/><br \/>Betriebsausflug mit ja diesmal nach der<br \/><br \/>7:02<br \/><br \/>Stadt im Bergischen Wuppertal machen mal<br \/><br \/>7:05<br \/><br \/>fahrzimmer n\u00e4mlich eingeladen ja und die<br \/><br \/>7:07<br \/><br \/>wuppertalertafel kocht f\u00fcr uns und S<br \/><br \/>7:10<br \/><br \/>Wuppertaler zo mit der Schwebebahn und<br \/><br \/>7:12<br \/><br \/>in der Werkstatt und so weiter wir<br \/><br \/>7:13<br \/><br \/>machen ein Ausflug da ist was f\u00fcr die<br \/><br \/>7:15<br \/><br \/>M\u00e4nner die Werkstatt angucken f\u00fcr die<br \/><br \/>7:17<br \/><br \/>Frauen den zo nat\u00fcrlich gehen ein Kaffee<br \/><br \/>7:20<br \/><br \/>das ja wird bei uns so gesagt sag ich<br \/><br \/>7:23<br \/><br \/>nicht habe ich nicht gesagt<br \/><br \/>7:26<br \/><br \/>ja ja n ist auch die Realit\u00e4t wie<br \/><br \/>7:29<br \/><br \/>Werkstatt und die and sag ja klar<br \/><br \/>7:31<br \/><br \/>Werkstatt ja das hei\u00dft die Frage ist wer<br \/><br \/>7:34<br \/><br \/>geh\u00f6rt bei uns dazu und Wissen s der<br \/><br \/>7:37<br \/><br \/>schlimmste Ausschluss ist der den wir in<br \/><br \/>7:39<br \/><br \/>der Kirche ma spring nur ein kleines<br \/><br \/>7:42<br \/><br \/>Beispiel zum Schluss der Mann ist jetzt<br \/><br \/>7:43<br \/><br \/>im Himmel und im Himmel im ffeuer wo wir<br \/><br \/>7:47<br \/><br \/>alle hinkommen einverstanden komm alle<br \/><br \/>7:49<br \/><br \/>hin dann komm sicher Himmel der war<br \/><br \/>7:51<br \/><br \/>Vorsitzer des Kirchenvorstand des<br \/><br \/>7:53<br \/><br \/>kirchenkores und als eine Frau aus dem<br \/><br \/>7:56<br \/><br \/>einfachen Volke vorbeterin w\u00fcrde sagte<br \/><br \/>7:59<br \/><br \/>der zu mir Herr Pastor wie k\u00f6nnen Sie<br \/><br \/>8:02<br \/><br \/>eine solche Frau an den Altar lassen<br \/><br \/>8:06<br \/><br \/>mehr sage ich dazu nicht ich glaube der<br \/><br \/>8:09<br \/><br \/>herjot war mal richtig froh dass endlich<br \/><br \/>8:12<br \/><br \/>mal einer am Altar war ja der so \u00e4hnlich<br \/><br \/>8:15<br \/><br \/>war wie Jesus sein ganzes Leben lang<br \/><br \/><\/div><\/div><\/div><br \/><\/div>","width":640,"height":426}