{"type":"rich","html":"<div style=\"width: 640; height: 426; font-family: sans-serif,arial,freesans;\" ><div id=\"shared_container_50407356\" class=\"shared_container\"><div id=\"shared_header_50407356\" class=\"shared_header\"><a href=\"https:\/\/emmaus-koeln.de\/channel\/info\"><img src=\"https:\/\/emmaus-koeln.de\/photo\/profile\/s\/4\" alt=\"Emmaus K\u00f6ln\" height=\"32\" width=\"32\" loading=\"lazy\" \/><\/a><span><a href=\"https:\/\/emmaus-koeln.de\/channel\/info\">Emmaus K\u00f6ln<\/a>  wrote the following  <a href=\"https:\/\/emmaus-koeln.de\/display\/258787ad-24f8-4f2a-b422-df44e7910670\">post <\/a><span class=\"autotime\" title=\"2017-01-15T09:58:02+01:00\">Sun, 15 Jan 2017 09:58:02 +0100<\/span><\/span><\/div><div id=\"reshared-content-50407356\" class=\"reshared-content\"><strong>NETZWERK 2. HAND F\u00dcR K\u00d6LN<\/strong><br \/><a class=\"zrl\" href=\"https:\/\/emmaus-koeln.de\/photos\/info\/image\/3c4a9f0c-8385-4a86-9544-6cfedf2e04ac\" target=\"_blank\" rel=\"nofollow noopener\"><img class=\"zrl\" loading=\"eager\" style=\"width: 300px; max-width: 100%;\" alt=\"Image\/photo\" title=\"\" class=\"\" src=\"https:\/\/emmaus-koeln.de\/photo\/3c4a9f0c-8385-4a86-9544-6cfedf2e04ac-1.png\" \/><\/a><br \/><br \/>https:\/cloud\/info\/WEBSITE\/DOKUMENTE\/flyer-netzwerk-secondhand.pdf<br \/><br \/>K\u00f6lner Kleidung und mehr f\u00fcr K\u00f6lner B\u00fcrger\/innen<br \/>Wir sind gemeinn\u00fctzige Tr\u00e4ger und haben uns zusammen-<br \/>geschlossen, weil wir gemeinsam folgende Ziele verfolgen<br \/>und Sie daf\u00fcr brauchen:<br \/>Wir wollen, dass Ihre gut erhaltenen Gebrauchtwaren<br \/>in K\u00f6ln bleiben und K\u00f6lner B\u00fcrger\/innen zur Verf\u00fcgung<br \/>stehen.<br \/>Wir bieten Ihnen an, Ihre gut erhaltene Kleidung und<br \/>mehr sinnvoll und \u00f6kologisch zu verwenden.<br \/>Unsere Kleiderkammern, fairstores, M\u00f6bellager und das<br \/>Umweltzentrum erm\u00f6glichen vielen bed\u00fcrftigen K\u00f6lner<br \/>B\u00fcrger\/innen besser im t\u00e4glichen Leben auszukommen.<br \/>Denn sie k\u00f6nnen g\u00fcnstige, praktische und schicke Kleidung<br \/>erhalten und auch ihre Wohnungen einrichten.<br \/>Wir schaffen mit unserem Angebot auch Besch\u00e4ftigungs-<br \/>m\u00f6glichkeiten f\u00fcr K\u00f6lner B\u00fcrger\/innen.<br \/>All dies hat eine soziale und wirtschaftliche Bedeutung<br \/>f\u00fcr unsere Stadt.<br \/>Und wenn Ihre Gebrauchtwaren von jemand anderem<br \/>genutzt werden, der daran auch Freude hat, macht es<br \/>vielleicht auch Ihnen Freude. Zus\u00e4tzlich ist es uns dann<br \/>auch gemeinsam gelungen, einen Beitrag zum Umwelt-<br \/>schutz zu leisten.<br \/>Machen Sie mit<br \/>Unterst\u00fctzen Sie das Netzwerk 2. Hand f\u00fcr K\u00f6ln.<br \/>Kosteng\u00fcnstige Gebrauchtwaren f\u00fcr K\u00f6lner<br \/>B\u00fcrgerinnen und B\u00fcrger<br \/>Nachhaltige Abfallentsorgung durch \u00f6kologische<br \/>Wiederverwertung<br \/>Erhalt und Schaffung von lokalen Arbeitspl\u00e4tzen<br \/>f\u00fcr Menschen in besonderen Situationen<br \/>Abfallvermeidung durch Reduzierung der<br \/>Hausm\u00fcllmengen<br \/>Wer wir sind<br \/>Wir hei\u00dfen Netzwerk 2. Hand f\u00fcr K\u00f6ln. Wir sind K\u00f6lner<br \/>Einrichtungen. Wir sind dem Gemeinwohl verpflichtet<br \/>und gemeinn\u00fctzig t\u00e4tig.<br \/>Wir sind kompetente Ansprechpartner, wenn es um The-<br \/>men wie Secondhand-Ware, Recycling, Entr\u00fcmpelungen,<br \/>Besch\u00e4ftigungsprojekte oder um kostenlose Weitergabe<br \/>von Altkleidern, Haushaltswaren und M\u00f6bel geht. Die<br \/>Mitglieder des Netzwerk 2. Hand sind lokal gut vernetzt<br \/>und in den Vierteln als seit langem bestehende Anlauf-<br \/>stellen bekannt.<br \/>Auf der R\u00fcckseite finden Sie eine Liste unserer Stand-<br \/>orte. Der \u00dcbersicht k\u00f6nnen Sie entnehmen, welche Art<br \/>von Gebrauchtware angenommen bzw. abgegeben wird.<br \/>F\u00fcr weitergehende Informationen stehen die jeweiligen<br \/>Tr\u00e4ger gerne zur Verf\u00fcgung.<br \/><br \/><hr \/><br \/><br \/>TADTBEZIRK INNENSTADT<br \/>Diakonie Michaelshoven fairstore<br \/>Severinstr. 87, 50678 K\u00f6ln<br \/>Tel.: 0221-16822938<br \/><br \/>Diakoniehaus Salierring<br \/>Salierring 19, 50677 K\u00f6ln<br \/>Tel.: 0221-276970-0 \/ www.diakonie-koeln.de<br \/><br \/>STADTBEZIRK RODENKIRCHEN<br \/>Diakonie Michaelshoven HERZKAMMER<br \/>Adresse: Michaelshovener Str. 4, 50999 K\u00f6ln<br \/>Tel.: 0221-3509474 \/ www.diakonie-michaelshoven.de<br \/><br \/>STADTBEZIRK LINDENTHAL<br \/>DRK-Kreisverband K\u00f6ln e.V.<br \/>Oskar-J\u00e4ger-Str. 101-103 , 50825 K\u00f6ln<br \/>Tel.: 0221-54 87 222 \/ www.drk-koeln.de<br \/><br \/>STADTBEZIRK EHRENFELD<br \/>DRK-Kreisverband K\u00f6ln e.V.<br \/>Oskar-J\u00e4ger-Str. 101-103 , 50825 K\u00f6ln<br \/>Tel.: 0221-54 87 222 \/ www.drk-koeln.de<br \/><br \/>Jugendhilfe K\u00f6ln e.V.<br \/>Adresse: Christianstra\u00dfe 82, 50825 K\u00f6ln<br \/>Tel.: 0221- 54600 100 \/ www.jugendhilfe-koeln.de<br \/><br \/>Rotkreuz-Shop<br \/>Venloer Str. 349, 50823 K\u00f6ln<br \/>Tel.: 0221-54 87 222 \/ www.drk-koeln.de<br \/><br \/>\u201eRochus\u201c SKM e.V. K\u00f6ln<br \/>Bartholom\u00e4us-Schink-Stra\u00dfe 6, 50825 K\u00f6ln<br \/>Annahme von Sachspenden<br \/><br \/>Abgabe \/ Verkauf<br \/>Kleidung<br \/>M\u00f6bel<br \/>Hausrat<br \/>N\u00e4here Informationen zu Angeboten, \u00d6ffnungszeiten,<br \/>etwaigen Geb\u00fchren oder Preisen erhalten Sie direkt<br \/>bei den jeweiligen Tr\u00e4gern.<br \/><br \/>LEGENDE:<br \/><br \/>STADTBEZIRK NIPPES<br \/>Diakonie Michaelshoven fairstore<br \/>Sechzigstra\u00dfe 5-11, 50733 K\u00f6ln<br \/>Tel.: 0221-22211177 \/ www.diakonie-michaelshoven.de<br \/><br \/>Emmaus K\u00f6ln<br \/>Baudriplatz 16, 50733 K\u00f6ln<br \/>www.emmaus-koeln.de<br \/><br \/>Emmaus K\u00f6ln<br \/>Geestem\u00fcnder Stra\u00dfe 42, 50735 K\u00f6ln<br \/>Tel.: 0221-9711731 \/ www.emmaus-koeln.de<br \/><br \/>\u201eDe Flo\u201c SKM e.V. K\u00f6ln<br \/>Florastra\u00dfe 117-122, 50733 K\u00f6ln<br \/>Tel.: 0221-973420 \/ www.skm-koeln.de<br \/><br \/>Umweltzentrum K\u00f6ln gGmbH<br \/>Niehler Stra\u00dfe 254, 50735 K\u00f6ln<br \/>0221-732 51 21 \/ www.umweltzentrum-koeln.de<br \/><br \/>M\u00f6belhalle Riehl<br \/>Barbarastra\u00dfe 3-9, 50735 K\u00f6ln<br \/>Tel.: 0221-5605676<br \/><br \/>STADTBEZIRK CHORWEILER<br \/><br \/>Fundus e.V.<br \/>Z\u00f6rgiebelstra\u00dfe 12, 50769 K\u00f6ln<br \/>Tel.: 0221- 16900901 \/ www.fundus-koeln.org<br \/><br \/>Lindweiler Treff - Caf\u00e9 Schatztruhe \/ Diakonisches Werk<br \/>des evang. Kirchenverbandes K\u00f6ln und Region<br \/>Marienberger Weg 19, 50767 K\u00f6ln<br \/><br \/>STADTBEZIRK PORZ<br \/>SKM - Sozialdienst Katholischer M\u00e4nner e.V. K\u00f6ln<br \/>Goethestra\u00dfe 7, 51143 K\u00f6ln<br \/>Tel.: 02203-955 36-16 \/ www.skm-koeln.de<br \/><br \/>STADTBEZIRK KALK<br \/><br \/>Diakonie Michaelshoven fairstore<br \/>Kalker Hauptstra\u00dfe 177, 51103 K\u00f6ln<br \/>Tel.: 0221-788779830 \/ www.diakonie-michaelshoven.de<br \/><br \/>Diakonie Michaelshoven Spendenlager<br \/>Dillenburger Str. 65, 51105 K\u00f6ln<br \/>Tel.: 0221-16889999 \/ www.diakonie-michaelshoven.de<br \/><br \/>STADTBEZIRK M\u00dcLHEIM<br \/><br \/>Diakonie Michaelshoven fairstore<br \/>Buchheimerstra\u00dfe 46, 51063 K\u00f6ln<br \/>Tel.: 0221-16830940<br \/><br \/>Holweider Selbsthilfe e.V.<br \/>Piccoloministra\u00dfe 528, 51067 K\u00f6ln<br \/>Tel.: 0221-9636822 \/ www.holweiderselbsthilfe.de<br \/><br \/>SSM - Sozialistische Selbsthilfe M\u00fclheim e.V.<br \/>D\u00fcsseldorfer Stra\u00dfe 74, 51063 K\u00f6ln<br \/>Tel.: 0221-6403152 \/ www.ssm-koeln.org<br \/><br \/>M\u00fctze - M\u00fclheimer Selbsthilfe Teestube e.V.<br \/>Markgrafenstr. 91, 51063 K\u00f6ln<br \/>Tel.: 0221-5605694 \/ www.muetze-buergerhaus.de<br \/><br \/>https:\/cloud\/info\/WEBSITE\/DOKUMENTE\/flyer-netzwerk-secondhand.pdf<br \/><br \/>Neues Logo:<br \/><a class=\"zrl\" href=\"https:\/\/emmaus-koeln.de\/photos\/info\/image\/525ab880-7226-4cd2-b5a7-69cfa763c0ad\" target=\"_blank\" rel=\"nofollow noopener\"><img class=\"zrl\" loading=\"eager\" style=\"width: 272px; max-width: 100%;\" alt=\"Image\/photo\" title=\"\" class=\"\" src=\"https:\/\/emmaus-koeln.de\/photo\/525ab880-7226-4cd2-b5a7-69cfa763c0ad-1.png\" \/><\/a><br \/><br \/><span class=\"bookmark-identifier\">#^<\/span><a class=\"bookmark\" href=\"https:\/\/netzwerkzweitehandkoeln.de\/\" target=\"_blank\" rel=\"nofollow noopener\">https:\/\/netzwerkzweitehandkoeln.de\/<\/a><\/div><\/div><br \/><\/div>","width":640,"height":426}