{"type":"rich","html":"<div style=\"width: 640; height: 426; font-family: sans-serif,arial,freesans;\" ><div id=\"shared_container_2090955361\" class=\"shared_container\"><div id=\"shared_header_2090955361\" class=\"shared_header\"><a href=\"https:\/\/emmaus-koeln.de\/channel\/info\"><img src=\"https:\/\/emmaus-koeln.de\/photo\/profile\/s\/4\" alt=\"Emmaus K\u00f6ln\" height=\"32\" width=\"32\" loading=\"lazy\" \/><\/a><span><a href=\"https:\/\/emmaus-koeln.de\/channel\/info\">Emmaus K\u00f6ln<\/a>  wrote the following  <a href=\"https:\/\/emmaus-koeln.de\/display\/1a67454b-eeb0-4dfa-8b1b-208b65a33302\">post <\/a><span class=\"autotime\" title=\"2001-07-01T02:00:00+02:00\">Sun, 01 Jul 2001 02:00:00 +0200<\/span><\/span><\/div><div id=\"reshared-content-2090955361\" class=\"reshared-content\"><strong>emmaus in K\u00f6ln - die Geschichte - 2001<\/strong><br \/>Kontinuierliche Arbeiten am Grundst\u00fcck und vor allem an den Hallen, sowie die Gestaltung der #<a class=\"zrl\" href=\"https:\/\/emmaus-koeln.de\/search?tag=Verkaufsr%C3%A4ume\" target=\"_blank\" rel=\"nofollow noopener\">Verkaufsr\u00e4ume<\/a>, bieten eine immer attraktivere Arbeits- und vor allem Einkaufs-Umgebung mit einem breiteren Angebot. Nach Ablauf des Jahres konnten wir anhand der Einnahmenentwicklung feststellen, dass sich der Einsatz mehr als gelohnt hat.<br \/><br \/>Wie auch im letzten Jahr nahmen einige Mitglieder der Gemeinschaft an dem #<a class=\"zrl\" href=\"https:\/\/emmaus-koeln.de\/search?tag=Salon-emma%C3%BCs\" target=\"_blank\" rel=\"nofollow noopener\">Salon-emma\u00fcs<\/a> , dem Sonderverkauf in #<a class=\"zrl\" href=\"https:\/\/emmaus-koeln.de\/search?tag=Paris\" target=\"_blank\" rel=\"nofollow noopener\">Paris<\/a> zu Gunsten der Hilfsprojekte von emmaus-International, teil. Es wurden ausgesucht sch\u00f6ne und seltene Waren aus unserem Verkauf mitgenommen und in einer gro\u00dfen Messehalle innerhalb eines Tages verkauft. Durch diese Einnahmen konnte die Unterst\u00fctzung etlicher Projekte sichergestellt werden.<br \/><br \/>Auch dieses Jahr wurde wieder ein Sonderverkauf mit dem Verbund gemeinn\u00fctziger K\u00f6lner M\u00f6bellager im #<a class=\"zrl\" href=\"https:\/\/emmaus-koeln.de\/search?tag=B%C3%BCrgerzentrum\" target=\"_blank\" rel=\"nofollow noopener\">B\u00fcrgerzentrum<\/a> in #<a class=\"zrl\" href=\"https:\/\/emmaus-koeln.de\/search?tag=Chorweiler\" target=\"_blank\" rel=\"nofollow noopener\">Chorweiler<\/a> organisiert. Hier wie auch die Jahre davor konnte vor allem der Bekanntheitsgrad der einzelnen Gruppen gesteigert werden.<\/div><\/div><br \/><\/div>","width":640,"height":426}